{"id":304,"date":"2022-02-14T20:13:11","date_gmt":"2022-02-14T20:13:11","guid":{"rendered":"https:\/\/sustainablecommunities.eu\/?page_id=304"},"modified":"2022-02-14T22:39:03","modified_gmt":"2022-02-14T22:39:03","slug":"trasee-montane-muntii-fagaras","status":"publish","type":"page","link":"https:\/\/sustainablecommunities.eu\/en\/trasee-montane-muntii-fagaras\/","title":{"rendered":"The hiking trails of us in the Mountains of the Carpathians"},"content":{"rendered":"<section class=\"section dark\" id=\"section_1018710175\">\n\t\t<div class=\"bg section-bg fill bg-fill\" >\n\n\t\t\t\n\t\t\t\n\t\t\t\n\n\t\t<\/div>\n\n\t\t\n\n\t\t<div class=\"section-content relative\">\n\t\t\t\n\t<div id=\"gap-1879403416\" class=\"gap-element clearfix\" style=\"display:block; height:auto;\">\n\t\t\n<style>\n#gap-1879403416 {\n  padding-top: 60px;\n}\n@media (min-width:550px) {\n  #gap-1879403416 {\n    padding-top: 650px;\n  }\n}\n<\/style>\n\t<\/div>\n\t\n<div class=\"row align-middle align-center\"  id=\"row-1191592057\">\n\n\t<div id=\"col-690351641\" class=\"col medium-8 small-12 large-8\"  >\n\t\t\t\t<div class=\"col-inner\"  >\n\t\t\t\n\t\t\t\n\t<div id=\"text-2865738539\" class=\"text\">\n\t\t\n<h4>SUSTAINABILITY<\/h4>\n<h1><span style=\"font-size: 150%;\"><strong>Trasee montane noi \u00een mun\u021bii F\u0103g\u0103ra\u0219<br \/><\/strong><\/span><\/h1>\n\t\t\n<style>\n#text-2865738539 {\n  text-align: center;\n  color: #11b037;\n}\n#text-2865738539 > * {\n  color: #11b037;\n}\n<\/style>\n\t<\/div>\n\t\n\t\t<\/div>\n\t\t\t\t\t<\/div>\n\n\t\n\n<style>\n#row-1191592057 > .col > .col-inner {\n  padding: 15px 10px 9px 10px;\n  background-color: rgb(255,255,255);\n  border-radius: 20px;\n}\n<\/style>\n<\/div>\n\t\t<\/div>\n\n\t\t\n<style>\n#section_1018710175 {\n  padding-top: 30px;\n  padding-bottom: 30px;\n}\n#section_1018710175 .section-bg.bg-loaded {\n  background-image: url(https:\/\/sustainablecommunities.eu\/wp-content\/uploads\/2022\/02\/0-scaled.jpg);\n}\n#section_1018710175 .section-bg {\n  background-position: 0% 14%;\n}\n#section_1018710175 .ux-shape-divider--top svg {\n  height: 150px;\n  --divider-top-width: 100%;\n}\n#section_1018710175 .ux-shape-divider--bottom svg {\n  height: 150px;\n  --divider-width: 100%;\n}\n<\/style>\n\t<\/section>\n\t\n\t<section class=\"section\" id=\"section_1272457280\">\n\t\t<div class=\"bg section-bg fill bg-fill  bg-loaded\" >\n\n\t\t\t\n\t\t\t\n\t\t\t\n\n\t\t<\/div>\n\n\t\t\n\n\t\t<div class=\"section-content relative\">\n\t\t\t\n<div class=\"row\"  id=\"row-1377014019\">\n\n\t<div id=\"col-634580196\" class=\"col small-12 large-12\"  >\n\t\t\t\t<div class=\"col-inner\"  >\n\t\t\t\n\t\t\t\n<div class=\"row row-collapse align-middle\"  id=\"row-1561932808\">\n\n\t<div id=\"col-1468199603\" class=\"col medium-5 small-12 large-6\"  >\n\t\t\t\t<div class=\"col-inner\"  >\n\t\t\t\n\t\t\t\n\n  <div class=\"banner has-hover\" id=\"banner-1711934671\">\n          <div class=\"banner-inner fill\">\n        <div class=\"banner-bg fill\" >\n            <div class=\"bg fill bg-fill\"><\/div>\n                                    \n                    <\/div>\n\t\t\n        <div class=\"banner-layers container\">\n            <div class=\"fill banner-link\"><\/div>            \n        <\/div>\n      <\/div>\n\n            \n<style>\n#banner-1711934671 {\n  padding-top: 400px;\n}\n#banner-1711934671 .bg.bg-loaded {\n  background-image: url(https:\/\/sustainablecommunities.eu\/wp-content\/uploads\/2022\/02\/2-1.jpg);\n}\n#banner-1711934671 .ux-shape-divider--top svg {\n  height: 150px;\n  --divider-top-width: 100%;\n}\n#banner-1711934671 .ux-shape-divider--bottom svg {\n  height: 150px;\n  --divider-width: 100%;\n}\n@media (min-width:550px) {\n  #banner-1711934671 {\n    padding-top: 500px;\n  }\n}\n<\/style>\n  <\/div>\n\n\n\t\t<\/div>\n\t\t\t\t\t<\/div>\n\n\t\n\n\t<div id=\"col-276547070\" class=\"col team-sorted-info medium-7 small-12 large-6\"  >\n\t\t\t\t<div class=\"col-inner\"  >\n\t\t\t\n\t\t\t\n<h2>Rezultate<\/h2>\n\t<div id=\"gap-913420766\" class=\"gap-element clearfix\" style=\"display:block; height:auto;\">\n\t\t\n<style>\n#gap-913420766 {\n  padding-top: 5px;\n}\n<\/style>\n\t<\/div>\n\t\n<p>Proiectul s-a derulat \u00een perioada 2006 &#8211; 2010.<\/p>\n<p>Rezultatul ob\u021binut a fost marcarea a patru trasee montane omologate:<\/p>\n<ul>\n<li>Triunghi galben: M\u0103rgineni \u2013 Vf. Comisu<\/li>\n<li>Bulin\u0103 ro\u0219ie: H\u00e2rseni \u2013 Vf. De Amiaz\u0103 \u2013 Vf. Berevoiescu<\/li>\n<li>Banda albastr\u0103: Recea \u2013 Picioru B\u0103tr\u00e2n \u2013 Muchia Scoar\u0163a<\/li>\n<li>Bulin\u0103 albastr\u0103: Lisa \u2013 Vf. Tr\u0103znita \u2013 Vf. Ca\u0163aveiu<\/li>\n<\/ul>\n<p>Alte trasee de leg\u0103tur\u0103 \u00eentre acestea pentru facilitarea unor ture de o zi sau dou\u0103, \u00een zon\u0103<\/p>\n<div class=\"is-divider divider clearfix\" style=\"margin-top:1.2em;margin-bottom:1.2em;max-width:100%;height:2px;background-color:rgba(0, 0, 0, 0.09);\"><\/div>\n\t\t<\/div>\n\t\t\t\t\n<style>\n#col-276547070 > .col-inner {\n  padding: 40px 40px 40px 40px;\n}\n<\/style>\n\t<\/div>\n\n\t\n<\/div>\n\t\t<\/div>\n\t\t\t\t\n<style>\n#col-634580196 > .col-inner {\n  margin: 10px 0px 10px 0px;\n}\n<\/style>\n\t<\/div>\n\n\t\n\n<style>\n#row-1377014019 > .col > .col-inner {\n  background-color: rgb(255,255,255);\n}\n<\/style>\n<\/div>\n<div class=\"row\"  id=\"row-1139986217\">\n\n\t<div id=\"col-357595721\" class=\"col small-12 large-12\"  >\n\t\t\t\t<div class=\"col-inner\"  >\n\t\t\t\n\t\t\t\n<div class=\"row row-collapse align-middle\"  id=\"row-675724965\">\n\n\t<div id=\"col-1847742438\" class=\"col team-sorted-info medium-7 small-12 large-6\"  >\n\t\t\t\t<div class=\"col-inner\"  >\n\t\t\t\n\t\t\t\n<h2>Our partners<\/h2>\n\t<div id=\"gap-1158035340\" class=\"gap-element clearfix\" style=\"display:block; height:auto;\">\n\t\t\n<style>\n#gap-1158035340 {\n  padding-top: 5px;\n}\n<\/style>\n\t<\/div>\n\t\n\t<div id=\"text-4271277012\" class=\"text\">\n\t\t\n<ul>\n<li style=\"font-weight: 400;\" aria-level=\"1\">Organiza\u0163ia Na\u0163ional\u0103 \u201cCerceta\u015fii Rom\u00e2niei\u201d<\/li>\n<li style=\"font-weight: 400;\" aria-level=\"1\">Salvamont Victoria<\/li>\n<li style=\"font-weight: 400;\" aria-level=\"1\">Salvamont Bra\u0219ov<\/li>\n<li style=\"font-weight: 400;\" aria-level=\"1\">Jandarmeriei Harghita<\/li>\n<li style=\"font-weight: 400;\" aria-level=\"1\">Ocolul silvic P\u0103durile F\u0103g\u0103ra\u015fului<\/li>\n<li style=\"font-weight: 400;\" aria-level=\"1\">Prim\u0103riile din zon\u0103<strong style=\"color: #555555;\"><br \/>\n<\/strong><\/li>\n<\/ul>\n<p><strong >The coordinator of the project:<\/strong> S. O. S. In The District<\/p>\n<p><strong>Funded by:<\/strong><\/p>\n<ul>\n<li aria-level=\"1\"><span style=\"font-weight: 400;\">Organiza\u0163ia Na\u0163ional\u0103 \u201cCerceta\u015fii Rom\u00e2niei\u201d &#8211; CL Orion Miercurea Ciuc<\/span><\/li>\n<li aria-level=\"1\"><span style=\"font-weight: 400;\">Prim\u0103rii din \u021aara F\u0103g\u0103ra\u0219ului<\/span><\/li>\n<li aria-level=\"1\"><span style=\"font-weight: 400;\">Salvamont Victoria<\/span><\/li>\n<li aria-level=\"1\"><span style=\"font-weight: 400;\">Salvamont Bra\u0219ov<\/span><\/li>\n<\/ul>\n<p><strong>In charge of the project: <\/strong>Vasile Grecu<\/p>\n\t\t\n<style>\n#text-4271277012 {\n  color: rgb(0,0,0);\n}\n#text-4271277012 > * {\n  color: rgb(0,0,0);\n}\n<\/style>\n\t<\/div>\n\t\n<div class=\"is-divider divider clearfix\" style=\"margin-top:1.2em;margin-bottom:1.2em;max-width:100%;height:2px;background-color:rgba(0, 0, 0, 0.09);\"><\/div>\n\t\t<\/div>\n\t\t\t\t\n<style>\n#col-1847742438 > .col-inner {\n  padding: 40px 40px 40px 40px;\n}\n<\/style>\n\t<\/div>\n\n\t\n\n\t<div id=\"col-359625998\" class=\"col medium-5 small-12 large-6 small-col-first\"  >\n\t\t\t\t<div class=\"col-inner\"  >\n\t\t\t\n\t\t\t\n\n  <div class=\"banner has-hover\" id=\"banner-1988479155\">\n          <div class=\"banner-inner fill\">\n        <div class=\"banner-bg fill\" >\n            <div class=\"bg fill bg-fill\"><\/div>\n                                    \n                    <\/div>\n\t\t\n        <div class=\"banner-layers container\">\n            <div class=\"fill banner-link\"><\/div>            \n        <\/div>\n      <\/div>\n\n            \n<style>\n#banner-1988479155 {\n  padding-top: 400px;\n}\n#banner-1988479155 .bg.bg-loaded {\n  background-image: url(https:\/\/sustainablecommunities.eu\/wp-content\/uploads\/2022\/02\/IMG_1367.jpg);\n}\n#banner-1988479155 .bg {\n  background-position: 82% 42%;\n}\n#banner-1988479155 .ux-shape-divider--top svg {\n  height: 150px;\n  --divider-top-width: 100%;\n}\n#banner-1988479155 .ux-shape-divider--bottom svg {\n  height: 150px;\n  --divider-width: 100%;\n}\n@media (min-width:550px) {\n  #banner-1988479155 {\n    padding-top: 500px;\n  }\n}\n<\/style>\n  <\/div>\n\n\n\t\t<\/div>\n\t\t\t\t\t<\/div>\n\n\t\n<\/div>\n\t\t<\/div>\n\t\t\t\t\n<style>\n#col-357595721 > .col-inner {\n  margin: 10px 0px 10px 0px;\n}\n<\/style>\n\t<\/div>\n\n\t\n\n<style>\n#row-1139986217 > .col > .col-inner {\n  background-color: rgb(255,255,255);\n}\n<\/style>\n<\/div>\n\t\t<\/div>\n\n\t\t\n<style>\n#section_1272457280 {\n  padding-top: 60px;\n  padding-bottom: 60px;\n  background-color: rgb(255,255,255);\n}\n#section_1272457280 .ux-shape-divider--top svg {\n  height: 150px;\n  --divider-top-width: 100%;\n}\n#section_1272457280 .ux-shape-divider--bottom svg {\n  height: 150px;\n  --divider-width: 100%;\n}\n<\/style>\n\t<\/section>\n\t\n\t<section class=\"section\" id=\"section_1406455780\">\n\t\t<div class=\"bg section-bg fill bg-fill  bg-loaded\" >\n\n\t\t\t\n\t\t\t\n\t\t\t\n\n\t\t<\/div>\n\n\t\t\n\n\t\t<div class=\"section-content relative\">\n\t\t\t\n<div class=\"row\"  id=\"row-2077523921\">\n\n\t<div id=\"col-544617608\" class=\"col small-12 large-12\"  >\n\t\t\t\t<div class=\"col-inner text-center\"  >\n\t\t\t\n\t\t\t\n<h2>How can you support us?<\/h2>\n<div class=\"row\"  id=\"row-607772223\">\n\n\t<div id=\"col-1350119369\" class=\"col small-12 large-12\"  >\n\t\t\t\t<div class=\"col-inner\"  >\n\t\t\t\n\t\t\t\n<p>Sprijinind financiar activitatea proiectului\u00a0<em><strong>Education and sustainable communities<\/strong>\u00a0<\/em>prin dona\u021bii \u00een bani sau \u00een natur\u0103<\/p>\n<p>Redirec\u021bion\u00e2nd 20% din impozitul \u00eentreprinderii sau complet\u00e2nd formularul 230 \u00een favoarea Asocia\u021biei S.O.S. \u021aara F\u0103g\u0103ra\u0219ului<\/p>\n\t\t<\/div>\n\t\t\t\t\t<\/div>\n\n\t\n<\/div>\n<a class=\"button primary is-large\"  >\n    <span>Implic\u0103-te acum<\/span>\n  <\/a>\n\n\t\t<\/div>\n\t\t\t\t\n<style>\n#col-544617608 > .col-inner {\n  padding: 0px 0px 0px 0px;\n  margin: 0px 0px -39px 0px;\n}\n<\/style>\n\t<\/div>\n\n\t\n<\/div>\n\t\t<\/div>\n\n\t\t\n<style>\n#section_1406455780 {\n  padding-top: 50px;\n  padding-bottom: 50px;\n  background-color: rgb(237, 241, 247);\n}\n#section_1406455780 .ux-shape-divider--top svg {\n  height: 150px;\n  --divider-top-width: 100%;\n}\n#section_1406455780 .ux-shape-divider--bottom svg {\n  height: 150px;\n  --divider-width: 100%;\n}\n<\/style>\n\t<\/section>","protected":false},"excerpt":{"rendered":"","protected":false},"author":1,"featured_media":0,"parent":0,"menu_order":0,"comment_status":"closed","ping_status":"closed","template":"page-blank.php","meta":{"footnotes":""},"class_list":["post-304","page","type-page","status-publish","hentry"],"_links":{"self":[{"href":"https:\/\/sustainablecommunities.eu\/en\/wp-json\/wp\/v2\/pages\/304","targetHints":{"allow":["GET"]}}],"collection":[{"href":"https:\/\/sustainablecommunities.eu\/en\/wp-json\/wp\/v2\/pages"}],"about":[{"href":"https:\/\/sustainablecommunities.eu\/en\/wp-json\/wp\/v2\/types\/page"}],"author":[{"embeddable":true,"href":"https:\/\/sustainablecommunities.eu\/en\/wp-json\/wp\/v2\/users\/1"}],"replies":[{"embeddable":true,"href":"https:\/\/sustainablecommunities.eu\/en\/wp-json\/wp\/v2\/comments?post=304"}],"version-history":[{"count":6,"href":"https:\/\/sustainablecommunities.eu\/en\/wp-json\/wp\/v2\/pages\/304\/revisions"}],"predecessor-version":[{"id":367,"href":"https:\/\/sustainablecommunities.eu\/en\/wp-json\/wp\/v2\/pages\/304\/revisions\/367"}],"wp:attachment":[{"href":"https:\/\/sustainablecommunities.eu\/en\/wp-json\/wp\/v2\/media?parent=304"}],"curies":[{"name":"wp","href":"https:\/\/api.w.org\/{rel}","templated":true}]}}