{"id":315,"date":"2022-02-14T20:31:12","date_gmt":"2022-02-14T20:31:12","guid":{"rendered":"https:\/\/sustainablecommunities.eu\/?page_id=315"},"modified":"2022-02-14T22:40:06","modified_gmt":"2022-02-14T22:40:06","slug":"sanatatea-rurala","status":"publish","type":"page","link":"https:\/\/sustainablecommunities.eu\/en\/sanatatea-rurala\/","title":{"rendered":"Together for the Health of the Countryside"},"content":{"rendered":"<section class=\"section\" id=\"section_245216589\">\n\t\t<div class=\"bg section-bg fill bg-fill\" >\n\n\t\t\t\n\t\t\t\n\t\t\t\n\n\t\t<\/div>\n\n\t\t\n\n\t\t<div class=\"section-content relative\">\n\t\t\t\n\t<div id=\"gap-1774629282\" class=\"gap-element clearfix\" style=\"display:block; height:auto;\">\n\t\t\n<style>\n#gap-1774629282 {\n  padding-top: 650px;\n}\n<\/style>\n\t<\/div>\n\t\n<div class=\"row align-middle align-center\"  id=\"row-1699625331\">\n\n\t<div id=\"col-1068718009\" class=\"col medium-8 small-12 large-8\"  >\n\t\t\t\t<div class=\"col-inner\"  >\n\t\t\t\n\t\t\t\n\t<div id=\"text-3529907951\" class=\"text\">\n\t\t\n<h4>SUSTAINABILITY<\/h4>\n<h1><span style=\"font-size: 150%;\"><strong>Impreun\u0103 pentru s\u0103n\u0103tatea rural\u0103 <br \/>\n<\/strong><\/span><\/h1>\n\t\t\n<style>\n#text-3529907951 {\n  text-align: center;\n  color: #11b037;\n}\n#text-3529907951 > * {\n  color: #11b037;\n}\n<\/style>\n\t<\/div>\n\t\n\t\t<\/div>\n\t\t\t\t\t<\/div>\n\n\t\n\n<style>\n#row-1699625331 > .col > .col-inner {\n  padding: 15px 10px 9px 10px;\n  background-color: rgb(255,255,255);\n  border-radius: 20px;\n}\n<\/style>\n<\/div>\n\t\t<\/div>\n\n\t\t\n<style>\n#section_245216589 {\n  padding-top: 0px;\n  padding-bottom: 0px;\n  min-height: 500px;\n}\n#section_245216589 .section-bg.bg-loaded {\n  background-image: url(https:\/\/sustainablecommunities.eu\/wp-content\/uploads\/2022\/02\/4-scaled.jpg);\n}\n#section_245216589 .section-bg {\n  background-position: 0% 0%;\n}\n#section_245216589 .ux-shape-divider--top svg {\n  height: 150px;\n  --divider-top-width: 100%;\n}\n#section_245216589 .ux-shape-divider--bottom svg {\n  height: 150px;\n  --divider-width: 100%;\n}\n<\/style>\n\t<\/section>\n\t\n\t<section class=\"section\" id=\"section_917372411\">\n\t\t<div class=\"bg section-bg fill bg-fill  bg-loaded\" >\n\n\t\t\t\n\t\t\t\n\t\t\t\n\n\t\t<\/div>\n\n\t\t\n\n\t\t<div class=\"section-content relative\">\n\t\t\t\n<div class=\"row\"  id=\"row-1493920723\">\n\n\t<div id=\"col-985423760\" class=\"col small-12 large-12\"  >\n\t\t\t\t<div class=\"col-inner\"  >\n\t\t\t\n\t\t\t\n<div class=\"row row-collapse align-middle\"  id=\"row-815644448\">\n\n\t<div id=\"col-2140808393\" class=\"col medium-5 small-12 large-6\"  >\n\t\t\t\t<div class=\"col-inner\"  >\n\t\t\t\n\t\t\t\n\n  <div class=\"banner has-hover\" id=\"banner-374371846\">\n          <div class=\"banner-inner fill\">\n        <div class=\"banner-bg fill\" >\n            <div class=\"bg fill bg-fill\"><\/div>\n                                    \n                    <\/div>\n\t\t\n        <div class=\"banner-layers container\">\n            <div class=\"fill banner-link\"><\/div>            \n        <\/div>\n      <\/div>\n\n            \n<style>\n#banner-374371846 {\n  padding-top: 400px;\n}\n#banner-374371846 .bg.bg-loaded {\n  background-image: url(https:\/\/sustainablecommunities.eu\/wp-content\/uploads\/2022\/02\/7-scaled.jpg);\n}\n#banner-374371846 .ux-shape-divider--top svg {\n  height: 150px;\n  --divider-top-width: 100%;\n}\n#banner-374371846 .ux-shape-divider--bottom svg {\n  height: 150px;\n  --divider-width: 100%;\n}\n@media (min-width:550px) {\n  #banner-374371846 {\n    padding-top: 500px;\n  }\n}\n<\/style>\n  <\/div>\n\n\n\t\t<\/div>\n\t\t\t\t\t<\/div>\n\n\t\n\n\t<div id=\"col-1738516286\" class=\"col team-sorted-info medium-7 small-12 large-6\"  >\n\t\t\t\t<div class=\"col-inner\"  >\n\t\t\t\n\t\t\t\n<h2>Rezultate<\/h2>\n\t<div id=\"gap-1432873246\" class=\"gap-element clearfix\" style=\"display:block; height:auto;\">\n\t\t\n<style>\n#gap-1432873246 {\n  padding-top: 5px;\n}\n<\/style>\n\t<\/div>\n\t\n<p>Acest proiect s-a derulat \u00een noiembrie 2017.<\/p>\n<p>\u00cen total, 331 de persoane (respectiv 183 la \u0218inca Nou\u0103 \u0219i 148 la H\u00e2rseni) au beneficiat de urm\u0103toarele:<\/p>\n<ul>\n<li>m\u0103surarea tensiunii arteriale, glicemiei, colesterolemiei, pulsului periferic \u0219i satura\u021biei O2 \u00een s\u00e2ngele periferic<\/li>\n<li>electrocardiogram\u0103<\/li>\n<li>anamnez\u0103 \u0219i examen clinic obiectiv<\/li>\n<li>ecografie<\/li>\n<\/ul>\n<p>\u00cen \u0218inca Nou\u0103 au fost testate pentru HIV 34 de persoane, toate testele fiind negative.<\/p>\n<div class=\"is-divider divider clearfix\" style=\"margin-top:1.2em;margin-bottom:1.2em;max-width:100%;height:2px;background-color:rgba(0, 0, 0, 0.09);\"><\/div>\n\t\t<\/div>\n\t\t\t\t\n<style>\n#col-1738516286 > .col-inner {\n  padding: 40px 40px 40px 40px;\n}\n<\/style>\n\t<\/div>\n\n\t\n<\/div>\n\t\t<\/div>\n\t\t\t\t\n<style>\n#col-985423760 > .col-inner {\n  margin: 10px 0px 10px 0px;\n}\n<\/style>\n\t<\/div>\n\n\t\n\n<style>\n#row-1493920723 > .col > .col-inner {\n  background-color: rgb(255,255,255);\n}\n<\/style>\n<\/div>\n<div class=\"row\"  id=\"row-16602948\">\n\n\t<div id=\"col-1755760098\" class=\"col small-12 large-12\"  >\n\t\t\t\t<div class=\"col-inner\"  >\n\t\t\t\n\t\t\t\n<div class=\"row row-collapse align-middle\"  id=\"row-1265397608\">\n\n\t<div id=\"col-1623605108\" class=\"col team-sorted-info medium-7 small-12 large-6\"  >\n\t\t\t\t<div class=\"col-inner\"  >\n\t\t\t\n\t\t\t\n<h2>Our partners<\/h2>\n\t<div id=\"gap-547885678\" class=\"gap-element clearfix\" style=\"display:block; height:auto;\">\n\t\t\n<style>\n#gap-547885678 {\n  padding-top: 5px;\n}\n<\/style>\n\t<\/div>\n\t\n\t<div id=\"text-380740801\" class=\"text\">\n\t\t\n<ul>\n<li style=\"font-weight: 400;\" aria-level=\"1\">Societatea Studen\u021bilor \u00een Medicin\u0103 din Bucure\u0219ti -SSMB<\/li>\n<li style=\"font-weight: 400;\" aria-level=\"1\">GAL R\u0103s\u0103ritul \u021a\u0103rii F\u0103g\u0103ra\u0219ului<\/li>\n<li style=\"font-weight: 400;\" aria-level=\"1\">Prim\u0103riile din GAL RTF<\/li>\n<li style=\"font-weight: 400;\" aria-level=\"1\">\u0218coala Gimnazial\u0103 Dr. Ioan Cerghit H\u00e2rseni<\/li>\n<\/ul>\n<p><strong>The coordinator of the project:<\/strong> GAL R\u0103s\u0103ritul \u021a\u0103rii F\u0103g\u0103ra\u0219ului<\/p>\n<p><strong>Funded by:<\/strong><\/p>\n<ul>\n<li aria-level=\"1\">Prim\u0103riile din GAL RTF<\/li>\n<\/ul>\n<p><strong>Responsabili de proiect: <\/strong>Cosmin Bogu &amp; Vasile Grecu<\/p>\n\t\t\n<style>\n#text-380740801 {\n  color: rgb(0,0,0);\n}\n#text-380740801 > * {\n  color: rgb(0,0,0);\n}\n<\/style>\n\t<\/div>\n\t\n<div class=\"is-divider divider clearfix\" style=\"margin-top:1.2em;margin-bottom:1.2em;max-width:100%;height:2px;background-color:rgba(0, 0, 0, 0.09);\"><\/div>\n\t\t<\/div>\n\t\t\t\t\n<style>\n#col-1623605108 > .col-inner {\n  padding: 40px 40px 40px 40px;\n}\n<\/style>\n\t<\/div>\n\n\t\n\n\t<div id=\"col-1519439691\" class=\"col medium-5 small-12 large-6 small-col-first\"  >\n\t\t\t\t<div class=\"col-inner\"  >\n\t\t\t\n\t\t\t\n\n  <div class=\"banner has-hover\" id=\"banner-594395115\">\n          <div class=\"banner-inner fill\">\n        <div class=\"banner-bg fill\" >\n            <div class=\"bg fill bg-fill\"><\/div>\n                                    \n                    <\/div>\n\t\t\n        <div class=\"banner-layers container\">\n            <div class=\"fill banner-link\"><\/div>            \n        <\/div>\n      <\/div>\n\n            \n<style>\n#banner-594395115 {\n  padding-top: 400px;\n}\n#banner-594395115 .bg.bg-loaded {\n  background-image: url(https:\/\/sustainablecommunities.eu\/wp-content\/uploads\/2022\/02\/2-2-scaled.jpg);\n}\n#banner-594395115 .bg {\n  background-position: 56% 82%;\n}\n#banner-594395115 .ux-shape-divider--top svg {\n  height: 150px;\n  --divider-top-width: 100%;\n}\n#banner-594395115 .ux-shape-divider--bottom svg {\n  height: 150px;\n  --divider-width: 100%;\n}\n@media (min-width:550px) {\n  #banner-594395115 {\n    padding-top: 500px;\n  }\n}\n<\/style>\n  <\/div>\n\n\n\t\t<\/div>\n\t\t\t\t\t<\/div>\n\n\t\n<\/div>\n\t\t<\/div>\n\t\t\t\t\n<style>\n#col-1755760098 > .col-inner {\n  margin: 10px 0px 10px 0px;\n}\n<\/style>\n\t<\/div>\n\n\t\n\n<style>\n#row-16602948 > .col > .col-inner {\n  background-color: rgb(255,255,255);\n}\n<\/style>\n<\/div>\n\t\t<\/div>\n\n\t\t\n<style>\n#section_917372411 {\n  padding-top: 60px;\n  padding-bottom: 60px;\n  background-color: rgb(255,255,255);\n}\n#section_917372411 .ux-shape-divider--top svg {\n  height: 150px;\n  --divider-top-width: 100%;\n}\n#section_917372411 .ux-shape-divider--bottom svg {\n  height: 150px;\n  --divider-width: 100%;\n}\n<\/style>\n\t<\/section>\n\t\n<div class=\"row\"  id=\"row-978829536\">\n\n\t<div id=\"col-1503725392\" class=\"col small-12 large-12\"  >\n\t\t\t\t<div class=\"col-inner\"  >\n\t\t\t\n\t\t\t\n<div class=\"video video-fit mb\" style=\"padding-top:56.25%;\"><p><iframe loading=\"lazy\" title=\"\u201eImpreuna pt Sanatatea Rurala\u201c la Sinca Noua\" width=\"1020\" height=\"574\" src=\"https:\/\/www.youtube.com\/embed\/5PkfuqePh7Q?feature=oembed\" frameborder=\"0\" allow=\"accelerometer; autoplay; clipboard-write; encrypted-media; gyroscope; picture-in-picture\" allowfullscreen><\/iframe><\/p>\n<\/div>\n\t\t<\/div>\n\t\t\t\t\t<\/div>\n\n\t\n<\/div>\n\t<section class=\"section\" id=\"section_127121982\">\n\t\t<div class=\"bg section-bg fill bg-fill  bg-loaded\" >\n\n\t\t\t\n\t\t\t\n\t\t\t\n\n\t\t<\/div>\n\n\t\t\n\n\t\t<div class=\"section-content relative\">\n\t\t\t\n<div class=\"row\"  id=\"row-2119647772\">\n\n\t<div id=\"col-1454410774\" class=\"col small-12 large-12\"  >\n\t\t\t\t<div class=\"col-inner text-center\"  >\n\t\t\t\n\t\t\t\n<h2>How can you support us?<\/h2>\n<div class=\"row\"  id=\"row-359620903\">\n\n\t<div id=\"col-590838813\" class=\"col small-12 large-12\"  >\n\t\t\t\t<div class=\"col-inner\"  >\n\t\t\t\n\t\t\t\n<p>Sprijinind financiar activitatea proiectului\u00a0<em><strong>Education and sustainable communities<\/strong>\u00a0<\/em>prin dona\u021bii \u00een bani sau \u00een natur\u0103<\/p>\n<p>Redirec\u021bion\u00e2nd 20% din impozitul \u00eentreprinderii sau complet\u00e2nd formularul 230 \u00een favoarea Asocia\u021biei S.O.S. \u021aara F\u0103g\u0103ra\u0219ului<\/p>\n\t\t<\/div>\n\t\t\t\t\t<\/div>\n\n\t\n<\/div>\n<a class=\"button primary is-large\"  >\n    <span>Implic\u0103-te acum<\/span>\n  <\/a>\n\n\t\t<\/div>\n\t\t\t\t\n<style>\n#col-1454410774 > .col-inner {\n  padding: 0px 0px 0px 0px;\n  margin: 0px 0px -39px 0px;\n}\n<\/style>\n\t<\/div>\n\n\t\n<\/div>\n\t\t<\/div>\n\n\t\t\n<style>\n#section_127121982 {\n  padding-top: 50px;\n  padding-bottom: 50px;\n  background-color: rgb(237, 241, 247);\n}\n#section_127121982 .ux-shape-divider--top svg {\n  height: 150px;\n  --divider-top-width: 100%;\n}\n#section_127121982 .ux-shape-divider--bottom svg {\n  height: 150px;\n  --divider-width: 100%;\n}\n<\/style>\n\t<\/section>","protected":false},"excerpt":{"rendered":"","protected":false},"author":1,"featured_media":0,"parent":0,"menu_order":0,"comment_status":"closed","ping_status":"closed","template":"page-blank.php","meta":{"footnotes":""},"class_list":["post-315","page","type-page","status-publish","hentry"],"_links":{"self":[{"href":"https:\/\/sustainablecommunities.eu\/en\/wp-json\/wp\/v2\/pages\/315","targetHints":{"allow":["GET"]}}],"collection":[{"href":"https:\/\/sustainablecommunities.eu\/en\/wp-json\/wp\/v2\/pages"}],"about":[{"href":"https:\/\/sustainablecommunities.eu\/en\/wp-json\/wp\/v2\/types\/page"}],"author":[{"embeddable":true,"href":"https:\/\/sustainablecommunities.eu\/en\/wp-json\/wp\/v2\/users\/1"}],"replies":[{"embeddable":true,"href":"https:\/\/sustainablecommunities.eu\/en\/wp-json\/wp\/v2\/comments?post=315"}],"version-history":[{"count":9,"href":"https:\/\/sustainablecommunities.eu\/en\/wp-json\/wp\/v2\/pages\/315\/revisions"}],"predecessor-version":[{"id":370,"href":"https:\/\/sustainablecommunities.eu\/en\/wp-json\/wp\/v2\/pages\/315\/revisions\/370"}],"wp:attachment":[{"href":"https:\/\/sustainablecommunities.eu\/en\/wp-json\/wp\/v2\/media?parent=315"}],"curies":[{"name":"wp","href":"https:\/\/api.w.org\/{rel}","templated":true}]}}