{"id":334,"date":"2022-02-14T21:08:29","date_gmt":"2022-02-14T21:08:29","guid":{"rendered":"https:\/\/sustainablecommunities.eu\/?page_id=334"},"modified":"2022-02-14T22:40:25","modified_gmt":"2022-02-14T22:40:25","slug":"ecologizari-muntii-fagaras","status":"publish","type":"page","link":"https:\/\/sustainablecommunities.eu\/en\/ecologizari-muntii-fagaras\/","title":{"rendered":"&#034;Greening&#034; up on the edges and valleys of the Mountains of the Carpathians"},"content":{"rendered":"<section class=\"section\" id=\"section_335732829\">\n\t\t<div class=\"bg section-bg fill bg-fill\" >\n\n\t\t\t\n\t\t\t\n\t\t\t\n\n\t\t<\/div>\n\n\t\t\n\n\t\t<div class=\"section-content relative\">\n\t\t\t\n\t<div id=\"gap-656003781\" class=\"gap-element clearfix\" style=\"display:block; height:auto;\">\n\t\t\n<style>\n#gap-656003781 {\n  padding-top: 650px;\n}\n<\/style>\n\t<\/div>\n\t\n<div class=\"row align-middle align-center\"  id=\"row-479988992\">\n\n\t<div id=\"col-1845988939\" class=\"col medium-8 small-12 large-8\"  >\n\t\t\t\t<div class=\"col-inner\"  >\n\t\t\t\n\t\t\t\n\t<div id=\"text-2529503768\" class=\"text\">\n\t\t\n<h4>SUSTAINABILITY<\/h4>\n<h1><span style=\"font-size: 150%;\"><strong>&#034;Greening&#034; up on the edges and valleys of the Mountains of the Carpathians<br \/>\n<\/strong><\/span><\/h1>\n\t\t\n<style>\n#text-2529503768 {\n  text-align: center;\n  color: #11b037;\n}\n#text-2529503768 > * {\n  color: #11b037;\n}\n<\/style>\n\t<\/div>\n\t\n\t\t<\/div>\n\t\t\t\t\t<\/div>\n\n\t\n\n<style>\n#row-479988992 > .col > .col-inner {\n  padding: 15px 10px 9px 10px;\n  background-color: rgb(255,255,255);\n  border-radius: 20px;\n}\n<\/style>\n<\/div>\n\t\t<\/div>\n\n\t\t\n<style>\n#section_335732829 {\n  padding-top: 0px;\n  padding-bottom: 0px;\n  min-height: 500px;\n}\n#section_335732829 .section-bg.bg-loaded {\n  background-image: url(https:\/\/sustainablecommunities.eu\/wp-content\/uploads\/2022\/02\/1.png);\n}\n#section_335732829 .section-bg {\n  background-position: 0% 0%;\n}\n#section_335732829 .ux-shape-divider--top svg {\n  height: 150px;\n  --divider-top-width: 100%;\n}\n#section_335732829 .ux-shape-divider--bottom svg {\n  height: 150px;\n  --divider-width: 100%;\n}\n<\/style>\n\t<\/section>\n\t\n\t<section class=\"section\" id=\"section_2135011709\">\n\t\t<div class=\"bg section-bg fill bg-fill  bg-loaded\" >\n\n\t\t\t\n\t\t\t\n\t\t\t\n\n\t\t<\/div>\n\n\t\t\n\n\t\t<div class=\"section-content relative\">\n\t\t\t\n<div class=\"row\"  id=\"row-1595679427\">\n\n\t<div id=\"col-1794851867\" class=\"col small-12 large-12\"  >\n\t\t\t\t<div class=\"col-inner\"  >\n\t\t\t\n\t\t\t\n<div class=\"row row-collapse align-middle\"  id=\"row-831315223\">\n\n\t<div id=\"col-414267194\" class=\"col medium-5 small-12 large-6\"  >\n\t\t\t\t<div class=\"col-inner\"  >\n\t\t\t\n\t\t\t\n\n  <div class=\"banner has-hover\" id=\"banner-1726760773\">\n          <div class=\"banner-inner fill\">\n        <div class=\"banner-bg fill\" >\n            <div class=\"bg fill bg-fill\"><\/div>\n                                    \n                    <\/div>\n\t\t\n        <div class=\"banner-layers container\">\n            <div class=\"fill banner-link\"><\/div>            \n        <\/div>\n      <\/div>\n\n            \n<style>\n#banner-1726760773 {\n  padding-top: 400px;\n}\n#banner-1726760773 .bg.bg-loaded {\n  background-image: url(https:\/\/sustainablecommunities.eu\/wp-content\/uploads\/2022\/02\/DSCF1285-scaled.jpg);\n}\n#banner-1726760773 .ux-shape-divider--top svg {\n  height: 150px;\n  --divider-top-width: 100%;\n}\n#banner-1726760773 .ux-shape-divider--bottom svg {\n  height: 150px;\n  --divider-width: 100%;\n}\n@media (min-width:550px) {\n  #banner-1726760773 {\n    padding-top: 500px;\n  }\n}\n<\/style>\n  <\/div>\n\n\n\t\t<\/div>\n\t\t\t\t\t<\/div>\n\n\t\n\n\t<div id=\"col-1355023821\" class=\"col team-sorted-info medium-7 small-12 large-6\"  >\n\t\t\t\t<div class=\"col-inner\"  >\n\t\t\t\n\t\t\t\n<h2>Rezultate<\/h2>\n\t<div id=\"gap-979040631\" class=\"gap-element clearfix\" style=\"display:block; height:auto;\">\n\t\t\n<style>\n#gap-979040631 {\n  padding-top: 5px;\n}\n<\/style>\n\t<\/div>\n\t\n<p>\u00cen perioada 2006-2019, sute de copii \u0219i tineri au fost implica\u021bi \u00een acest proiect.<\/p>\n<ul>\n<li>Tone de de\u0219euri adunate<\/li>\n<li>Activit\u0103\u021bi de con\u0219tientizare \u0219i educare pentru tineri \u0219i adul\u021bi<\/li>\n<\/ul>\n<div class=\"is-divider divider clearfix\" style=\"margin-top:1.2em;margin-bottom:1.2em;max-width:100%;height:2px;background-color:rgba(0, 0, 0, 0.09);\"><\/div>\n\t\t<\/div>\n\t\t\t\t\n<style>\n#col-1355023821 > .col-inner {\n  padding: 40px 40px 40px 40px;\n}\n<\/style>\n\t<\/div>\n\n\t\n<\/div>\n\t\t<\/div>\n\t\t\t\t\n<style>\n#col-1794851867 > .col-inner {\n  margin: 10px 0px 10px 0px;\n}\n<\/style>\n\t<\/div>\n\n\t\n\n<style>\n#row-1595679427 > .col > .col-inner {\n  background-color: rgb(255,255,255);\n}\n<\/style>\n<\/div>\n<div class=\"row\"  id=\"row-2038974030\">\n\n\t<div id=\"col-548846056\" class=\"col small-12 large-12\"  >\n\t\t\t\t<div class=\"col-inner\"  >\n\t\t\t\n\t\t\t\n<div class=\"row row-collapse align-middle\"  id=\"row-884119456\">\n\n\t<div id=\"col-701023212\" class=\"col team-sorted-info medium-7 small-12 large-6\"  >\n\t\t\t\t<div class=\"col-inner\"  >\n\t\t\t\n\t\t\t\n<h2>Our partners<\/h2>\n\t<div id=\"gap-396445183\" class=\"gap-element clearfix\" style=\"display:block; height:auto;\">\n\t\t\n<style>\n#gap-396445183 {\n  padding-top: 5px;\n}\n<\/style>\n\t<\/div>\n\t\n\t<div id=\"text-3887595780\" class=\"text\">\n\t\t\n<ul>\n<li style=\"font-weight: 400;\" aria-level=\"1\">Organiza\u0163ia Na\u0163ional\u0103 \u201cCerceta\u015fii Rom\u00e2niei\u201d<\/li>\n<li style=\"font-weight: 400;\" aria-level=\"1\">Mercedes-Benz Rom\u00e2nia<\/li>\n<li style=\"font-weight: 400;\" aria-level=\"1\">Ocolul silvic P\u0103durile F\u0103g\u0103ra\u015fului<\/li>\n<li style=\"font-weight: 400;\" aria-level=\"1\">Prim\u0103rii din \u021aara F\u0103g\u0103ra\u0219ului<\/li>\n<li style=\"font-weight: 400;\" aria-level=\"1\">Salvamont Victoria<\/li>\n<li style=\"font-weight: 400;\" aria-level=\"1\">Jandarmeria Harghita<\/li>\n<li style=\"font-weight: 400;\" aria-level=\"1\">Firma de elicoptere Cobrex<\/li>\n<li style=\"font-weight: 400;\" aria-level=\"1\">Voluntari <\/li>\n<\/ul>\n<p><strong>The coordinator of the project:<\/strong> CL Orion Miercurea Ciuc<\/p>\n<p><strong>Funded by:<\/strong><\/p>\n<ul>\n<li aria-level=\"1\">Organiza\u0163ia Na\u0163ional\u0103 \u201cCerceta\u015fii Rom\u00e2niei\u201d<\/li>\n<li aria-level=\"1\">Mercedes-Benz Rom\u00e2nia<\/li>\n<li aria-level=\"1\">Prim\u0103rii din \u021aara F\u0103g\u0103ra\u0219ului<\/li>\n<\/ul>\n<p><strong>In charge of the project: <\/strong>Vasile Grecu<\/p>\n\t\t\n<style>\n#text-3887595780 {\n  color: rgb(0,0,0);\n}\n#text-3887595780 > * {\n  color: rgb(0,0,0);\n}\n<\/style>\n\t<\/div>\n\t\n<div class=\"is-divider divider clearfix\" style=\"margin-top:1.2em;margin-bottom:1.2em;max-width:100%;height:2px;background-color:rgba(0, 0, 0, 0.09);\"><\/div>\n\t\t<\/div>\n\t\t\t\t\n<style>\n#col-701023212 > .col-inner {\n  padding: 40px 40px 40px 40px;\n}\n<\/style>\n\t<\/div>\n\n\t\n\n\t<div id=\"col-1959418975\" class=\"col medium-5 small-12 large-6 small-col-first\"  >\n\t\t\t\t<div class=\"col-inner\"  >\n\t\t\t\n\t\t\t\n\n  <div class=\"banner has-hover\" id=\"banner-1288348783\">\n          <div class=\"banner-inner fill\">\n        <div class=\"banner-bg fill\" >\n            <div class=\"bg fill bg-fill\"><\/div>\n                                    \n                    <\/div>\n\t\t\n        <div class=\"banner-layers container\">\n            <div class=\"fill banner-link\"><\/div>            \n        <\/div>\n      <\/div>\n\n            \n<style>\n#banner-1288348783 {\n  padding-top: 400px;\n}\n#banner-1288348783 .bg.bg-loaded {\n  background-image: url(https:\/\/sustainablecommunities.eu\/wp-content\/uploads\/2022\/02\/022.jpg);\n}\n#banner-1288348783 .bg {\n  background-position: 56% 82%;\n}\n#banner-1288348783 .ux-shape-divider--top svg {\n  height: 150px;\n  --divider-top-width: 100%;\n}\n#banner-1288348783 .ux-shape-divider--bottom svg {\n  height: 150px;\n  --divider-width: 100%;\n}\n@media (min-width:550px) {\n  #banner-1288348783 {\n    padding-top: 500px;\n  }\n}\n<\/style>\n  <\/div>\n\n\n\t\t<\/div>\n\t\t\t\t\t<\/div>\n\n\t\n<\/div>\n\t\t<\/div>\n\t\t\t\t\n<style>\n#col-548846056 > .col-inner {\n  margin: 10px 0px 10px 0px;\n}\n<\/style>\n\t<\/div>\n\n\t\n\n<style>\n#row-2038974030 > .col > .col-inner {\n  background-color: rgb(255,255,255);\n}\n<\/style>\n<\/div>\n\t\t<\/div>\n\n\t\t\n<style>\n#section_2135011709 {\n  padding-top: 60px;\n  padding-bottom: 60px;\n  background-color: rgb(255,255,255);\n}\n#section_2135011709 .ux-shape-divider--top svg {\n  height: 150px;\n  --divider-top-width: 100%;\n}\n#section_2135011709 .ux-shape-divider--bottom svg {\n  height: 150px;\n  --divider-width: 100%;\n}\n<\/style>\n\t<\/section>\n\t\n\t<section class=\"section\" id=\"section_838841530\">\n\t\t<div class=\"bg section-bg fill bg-fill  bg-loaded\" >\n\n\t\t\t\n\t\t\t\n\t\t\t\n\n\t\t<\/div>\n\n\t\t\n\n\t\t<div class=\"section-content relative\">\n\t\t\t\n<div class=\"row\"  id=\"row-947563806\">\n\n\t<div id=\"col-755019818\" class=\"col small-12 large-12\"  >\n\t\t\t\t<div class=\"col-inner text-center\"  >\n\t\t\t\n\t\t\t\n<h2>How can you support us?<\/h2>\n<div class=\"row\"  id=\"row-1192486551\">\n\n\t<div id=\"col-1900813329\" class=\"col small-12 large-12\"  >\n\t\t\t\t<div class=\"col-inner\"  >\n\t\t\t\n\t\t\t\n<p>Sprijinind financiar activitatea proiectului\u00a0<em><strong>Education and sustainable communities<\/strong>\u00a0<\/em>prin dona\u021bii \u00een bani sau \u00een natur\u0103<\/p>\n<p>Redirec\u021bion\u00e2nd 20% din impozitul \u00eentreprinderii sau complet\u00e2nd formularul 230 \u00een favoarea Asocia\u021biei S.O.S. \u021aara F\u0103g\u0103ra\u0219ului<\/p>\n\t\t<\/div>\n\t\t\t\t\t<\/div>\n\n\t\n<\/div>\n<a class=\"button primary is-large\"  >\n    <span>Implic\u0103-te acum<\/span>\n  <\/a>\n\n\t\t<\/div>\n\t\t\t\t\n<style>\n#col-755019818 > .col-inner {\n  padding: 0px 0px 0px 0px;\n  margin: 0px 0px -39px 0px;\n}\n<\/style>\n\t<\/div>\n\n\t\n<\/div>\n\t\t<\/div>\n\n\t\t\n<style>\n#section_838841530 {\n  padding-top: 50px;\n  padding-bottom: 50px;\n  background-color: rgb(237, 241, 247);\n}\n#section_838841530 .ux-shape-divider--top svg {\n  height: 150px;\n  --divider-top-width: 100%;\n}\n#section_838841530 .ux-shape-divider--bottom svg {\n  height: 150px;\n  --divider-width: 100%;\n}\n<\/style>\n\t<\/section>","protected":false},"excerpt":{"rendered":"","protected":false},"author":1,"featured_media":0,"parent":0,"menu_order":0,"comment_status":"closed","ping_status":"closed","template":"page-blank.php","meta":{"footnotes":""},"class_list":["post-334","page","type-page","status-publish","hentry"],"_links":{"self":[{"href":"https:\/\/sustainablecommunities.eu\/en\/wp-json\/wp\/v2\/pages\/334","targetHints":{"allow":["GET"]}}],"collection":[{"href":"https:\/\/sustainablecommunities.eu\/en\/wp-json\/wp\/v2\/pages"}],"about":[{"href":"https:\/\/sustainablecommunities.eu\/en\/wp-json\/wp\/v2\/types\/page"}],"author":[{"embeddable":true,"href":"https:\/\/sustainablecommunities.eu\/en\/wp-json\/wp\/v2\/users\/1"}],"replies":[{"embeddable":true,"href":"https:\/\/sustainablecommunities.eu\/en\/wp-json\/wp\/v2\/comments?post=334"}],"version-history":[{"count":3,"href":"https:\/\/sustainablecommunities.eu\/en\/wp-json\/wp\/v2\/pages\/334\/revisions"}],"predecessor-version":[{"id":371,"href":"https:\/\/sustainablecommunities.eu\/en\/wp-json\/wp\/v2\/pages\/334\/revisions\/371"}],"wp:attachment":[{"href":"https:\/\/sustainablecommunities.eu\/en\/wp-json\/wp\/v2\/media?parent=334"}],"curies":[{"name":"wp","href":"https:\/\/api.w.org\/{rel}","templated":true}]}}