{"id":342,"date":"2022-02-14T21:19:56","date_gmt":"2022-02-14T21:19:56","guid":{"rendered":"https:\/\/sustainablecommunities.eu\/?page_id=342"},"modified":"2022-02-14T22:39:40","modified_gmt":"2022-02-14T22:39:40","slug":"reconditionari-cabane-montane","status":"publish","type":"page","link":"https:\/\/sustainablecommunities.eu\/en\/reconditionari-cabane-montane\/","title":{"rendered":"Repairs chalets"},"content":{"rendered":"<section class=\"section\" id=\"section_1744713055\">\n\t\t<div class=\"bg section-bg fill bg-fill\" >\n\n\t\t\t\n\t\t\t\n\t\t\t\n\n\t\t<\/div>\n\n\t\t\n\n\t\t<div class=\"section-content relative\">\n\t\t\t\n\t<div id=\"gap-839922631\" class=\"gap-element clearfix\" style=\"display:block; height:auto;\">\n\t\t\n<style>\n#gap-839922631 {\n  padding-top: 650px;\n}\n<\/style>\n\t<\/div>\n\t\n<div class=\"row align-middle align-center\"  id=\"row-1653735723\">\n\n\t<div id=\"col-1554061419\" class=\"col medium-8 small-12 large-8\"  >\n\t\t\t\t<div class=\"col-inner\"  >\n\t\t\t\n\t\t\t\n\t<div id=\"text-2597853624\" class=\"text\">\n\t\t\n<h4>SUSTAINABILITY<\/h4>\n<h1><span style=\"font-size: 150%;\"><strong>Repairs chalets<br \/>\n<\/strong><\/span><\/h1>\n\t\t\n<style>\n#text-2597853624 {\n  text-align: center;\n  color: #11b037;\n}\n#text-2597853624 > * {\n  color: #11b037;\n}\n<\/style>\n\t<\/div>\n\t\n\t\t<\/div>\n\t\t\t\t\t<\/div>\n\n\t\n\n<style>\n#row-1653735723 > .col > .col-inner {\n  padding: 15px 10px 9px 10px;\n  background-color: rgb(255,255,255);\n  border-radius: 20px;\n}\n<\/style>\n<\/div>\n\t\t<\/div>\n\n\t\t\n<style>\n#section_1744713055 {\n  padding-top: 0px;\n  padding-bottom: 0px;\n  min-height: 500px;\n}\n#section_1744713055 .section-bg.bg-loaded {\n  background-image: url(https:\/\/sustainablecommunities.eu\/wp-content\/uploads\/2022\/02\/017.jpg);\n}\n#section_1744713055 .section-bg {\n  background-position: 0% 0%;\n}\n#section_1744713055 .ux-shape-divider--top svg {\n  height: 150px;\n  --divider-top-width: 100%;\n}\n#section_1744713055 .ux-shape-divider--bottom svg {\n  height: 150px;\n  --divider-width: 100%;\n}\n<\/style>\n\t<\/section>\n\t\n\t<section class=\"section\" id=\"section_747105220\">\n\t\t<div class=\"bg section-bg fill bg-fill  bg-loaded\" >\n\n\t\t\t\n\t\t\t\n\t\t\t\n\n\t\t<\/div>\n\n\t\t\n\n\t\t<div class=\"section-content relative\">\n\t\t\t\n<div class=\"row\"  id=\"row-1644476862\">\n\n\t<div id=\"col-1517135274\" class=\"col small-12 large-12\"  >\n\t\t\t\t<div class=\"col-inner\"  >\n\t\t\t\n\t\t\t\n<div class=\"row row-collapse align-middle\"  id=\"row-1057734406\">\n\n\t<div id=\"col-816983912\" class=\"col medium-5 small-12 large-6\"  >\n\t\t\t\t<div class=\"col-inner\"  >\n\t\t\t\n\t\t\t\n\n  <div class=\"banner has-hover\" id=\"banner-628173247\">\n          <div class=\"banner-inner fill\">\n        <div class=\"banner-bg fill\" >\n            <div class=\"bg fill bg-fill\"><\/div>\n                                    \n                    <\/div>\n\t\t\n        <div class=\"banner-layers container\">\n            <div class=\"fill banner-link\"><\/div>            \n        <\/div>\n      <\/div>\n\n            \n<style>\n#banner-628173247 {\n  padding-top: 400px;\n}\n#banner-628173247 .bg.bg-loaded {\n  background-image: url(https:\/\/sustainablecommunities.eu\/wp-content\/uploads\/2022\/02\/dr2.jpg);\n}\n#banner-628173247 .ux-shape-divider--top svg {\n  height: 150px;\n  --divider-top-width: 100%;\n}\n#banner-628173247 .ux-shape-divider--bottom svg {\n  height: 150px;\n  --divider-width: 100%;\n}\n@media (min-width:550px) {\n  #banner-628173247 {\n    padding-top: 500px;\n  }\n}\n<\/style>\n  <\/div>\n\n\n\t\t<\/div>\n\t\t\t\t\t<\/div>\n\n\t\n\n\t<div id=\"col-592284731\" class=\"col team-sorted-info medium-7 small-12 large-6\"  >\n\t\t\t\t<div class=\"col-inner\"  >\n\t\t\t\n\t\t\t\n<h2>Rezultate<\/h2>\n\t<div id=\"gap-1797572916\" class=\"gap-element clearfix\" style=\"display:block; height:auto;\">\n\t\t\n<style>\n#gap-1797572916 {\n  padding-top: 5px;\n}\n<\/style>\n\t<\/div>\n\t\n<p>\u00cen 2010, cerceta\u015fii al\u0103turi de localnici au participat la recondi\u0163ionarea a 3 cabane de v\u00e2n\u0103toare:<\/p>\n<ul>\n<li>Coliba Ha\u015filor din Valea Pojortei<\/li>\n<li>Coliba Remus Sofonea din Muchia Dr\u0103gu\u015fului<\/li>\n<li>Cr\u0103iasa Mun\u0163ilor din V\u0103carea Mic\u0103 de pe Valea Sebe\u0219ului<\/li>\n<\/ul>\n<p>Prin for\u0163e proprii, cerceta\u0219ii au c\u0103rat p\u00e2n\u0103 la altitudini de peste 1600 de metri lambriu, unelte, cuie, lacuri pentru protejarea lemnului \u015fi tot felul de alte materiale necesare reamenaj\u0103rii.<\/p>\n<div class=\"is-divider divider clearfix\" style=\"margin-top:1.2em;margin-bottom:1.2em;max-width:100%;height:2px;background-color:rgba(0, 0, 0, 0.09);\"><\/div>\n\t\t<\/div>\n\t\t\t\t\n<style>\n#col-592284731 > .col-inner {\n  padding: 40px 40px 40px 40px;\n}\n<\/style>\n\t<\/div>\n\n\t\n<\/div>\n\t\t<\/div>\n\t\t\t\t\n<style>\n#col-1517135274 > .col-inner {\n  margin: 10px 0px 10px 0px;\n}\n<\/style>\n\t<\/div>\n\n\t\n\n<style>\n#row-1644476862 > .col > .col-inner {\n  background-color: rgb(255,255,255);\n}\n<\/style>\n<\/div>\n<div class=\"row\"  id=\"row-1305743295\">\n\n\t<div id=\"col-1008281295\" class=\"col small-12 large-12\"  >\n\t\t\t\t<div class=\"col-inner\"  >\n\t\t\t\n\t\t\t\n<div class=\"row row-collapse align-middle\"  id=\"row-1514867490\">\n\n\t<div id=\"col-950234553\" class=\"col team-sorted-info medium-7 small-12 large-6\"  >\n\t\t\t\t<div class=\"col-inner\"  >\n\t\t\t\n\t\t\t\n<h2>Our partners<\/h2>\n\t<div id=\"gap-262534545\" class=\"gap-element clearfix\" style=\"display:block; height:auto;\">\n\t\t\n<style>\n#gap-262534545 {\n  padding-top: 5px;\n}\n<\/style>\n\t<\/div>\n\t\n\t<div id=\"text-3218659821\" class=\"text\">\n\t\t\n<ul>\n<li style=\"font-weight: 400;\" aria-level=\"1\">Organiza\u0163ia Na\u0163ional\u0103 \u201cCerceta\u015fii Rom\u00e2niei\u201d<\/li>\n<li style=\"font-weight: 400;\" aria-level=\"1\">Mercedes-Benz Rom\u00e2nia<\/li>\n<li style=\"font-weight: 400;\" aria-level=\"1\">Ocolul silvic P\u0103durile F\u0103g\u0103ra\u015fului<\/li>\n<li style=\"font-weight: 400;\" aria-level=\"1\">Prim\u0103riile din zon\u0103<\/li>\n<li style=\"font-weight: 400;\" aria-level=\"1\">Salvamont Victoria<\/li>\n<li style=\"font-weight: 400;\" aria-level=\"1\">Jandarmeria Harghita<\/li>\n<li style=\"font-weight: 400;\" aria-level=\"1\">Voluntari<\/li>\n<\/ul>\n<p><strong style=\"color: #555555;\">The coordinator of the project:<\/strong><span style=\"color: #555555;\"> CL Orion Miercurea Ciuc<\/span><\/p>\n<p><strong>Funded by:<\/strong><\/p>\n<ul>\n<li aria-level=\"1\">Organiza\u0163ia Na\u0163ional\u0103 \u201cCerceta\u015fii Rom\u00e2niei\u201d<\/li>\n<li aria-level=\"1\">Mercedes-Benz Rom\u00e2nia<\/li>\n<li aria-level=\"1\">Prim\u0103rii din \u021aara F\u0103g\u0103ra\u0219ului<\/li>\n<\/ul>\n<p><strong>In charge of the project: <\/strong>Vasile Grecu<br \/>\n\t\t\n<style>\n#text-3218659821 {\n  color: rgb(0,0,0);\n}\n#text-3218659821 > * {\n  color: rgb(0,0,0);\n}\n<\/style>\n\t<\/div>\n\t\n<div class=\"is-divider divider clearfix\" style=\"margin-top:1.2em;margin-bottom:1.2em;max-width:100%;height:2px;background-color:rgba(0, 0, 0, 0.09);\"><\/div>\n\t\t<\/div>\n\t\t\t\t\n<style>\n#col-950234553 > .col-inner {\n  padding: 40px 40px 40px 40px;\n}\n<\/style>\n\t<\/div>\n\n\t\n\n\t<div id=\"col-1334508099\" class=\"col medium-5 small-12 large-6 small-col-first\"  >\n\t\t\t\t<div class=\"col-inner\"  >\n\t\t\t\n\t\t\t\n\n  <div class=\"banner has-hover\" id=\"banner-39216113\">\n          <div class=\"banner-inner fill\">\n        <div class=\"banner-bg fill\" >\n            <div class=\"bg fill bg-fill\"><\/div>\n                                    \n                    <\/div>\n\t\t\n        <div class=\"banner-layers container\">\n            <div class=\"fill banner-link\"><\/div>            \n        <\/div>\n      <\/div>\n\n            \n<style>\n#banner-39216113 {\n  padding-top: 400px;\n}\n#banner-39216113 .bg.bg-loaded {\n  background-image: url(https:\/\/sustainablecommunities.eu\/wp-content\/uploads\/2022\/02\/002.jpg);\n}\n#banner-39216113 .bg {\n  background-position: 56% 82%;\n}\n#banner-39216113 .ux-shape-divider--top svg {\n  height: 150px;\n  --divider-top-width: 100%;\n}\n#banner-39216113 .ux-shape-divider--bottom svg {\n  height: 150px;\n  --divider-width: 100%;\n}\n@media (min-width:550px) {\n  #banner-39216113 {\n    padding-top: 500px;\n  }\n}\n<\/style>\n  <\/div>\n\n\n\t\t<\/div>\n\t\t\t\t\t<\/div>\n\n\t\n<\/div>\n\t\t<\/div>\n\t\t\t\t\n<style>\n#col-1008281295 > .col-inner {\n  margin: 10px 0px 10px 0px;\n}\n<\/style>\n\t<\/div>\n\n\t\n\n<style>\n#row-1305743295 > .col > .col-inner {\n  background-color: rgb(255,255,255);\n}\n<\/style>\n<\/div>\n\t\t<\/div>\n\n\t\t\n<style>\n#section_747105220 {\n  padding-top: 60px;\n  padding-bottom: 60px;\n  background-color: rgb(255,255,255);\n}\n#section_747105220 .ux-shape-divider--top svg {\n  height: 150px;\n  --divider-top-width: 100%;\n}\n#section_747105220 .ux-shape-divider--bottom svg {\n  height: 150px;\n  --divider-width: 100%;\n}\n<\/style>\n\t<\/section>\n\t\n\t<section class=\"section\" id=\"section_307068482\">\n\t\t<div class=\"bg section-bg fill bg-fill  bg-loaded\" >\n\n\t\t\t\n\t\t\t\n\t\t\t\n\n\t\t<\/div>\n\n\t\t\n\n\t\t<div class=\"section-content relative\">\n\t\t\t\n<div class=\"row\"  id=\"row-50652966\">\n\n\t<div id=\"col-933303090\" class=\"col small-12 large-12\"  >\n\t\t\t\t<div class=\"col-inner text-center\"  >\n\t\t\t\n\t\t\t\n<h2>How can you support us?<\/h2>\n<div class=\"row\"  id=\"row-1045125338\">\n\n\t<div id=\"col-621491304\" class=\"col small-12 large-12\"  >\n\t\t\t\t<div class=\"col-inner\"  >\n\t\t\t\n\t\t\t\n<p>Sprijinind financiar activitatea proiectului\u00a0<em><strong>Education and sustainable communities<\/strong>\u00a0<\/em>prin dona\u021bii \u00een bani sau \u00een natur\u0103<\/p>\n<p>Redirec\u021bion\u00e2nd 20% din impozitul \u00eentreprinderii sau complet\u00e2nd formularul 230 \u00een favoarea Asocia\u021biei S.O.S. \u021aara F\u0103g\u0103ra\u0219ului<\/p>\n\t\t<\/div>\n\t\t\t\t\t<\/div>\n\n\t\n<\/div>\n<a class=\"button primary is-large\"  >\n    <span>Implic\u0103-te acum<\/span>\n  <\/a>\n\n\t\t<\/div>\n\t\t\t\t\n<style>\n#col-933303090 > .col-inner {\n  padding: 0px 0px 0px 0px;\n  margin: 0px 0px -39px 0px;\n}\n<\/style>\n\t<\/div>\n\n\t\n<\/div>\n\t\t<\/div>\n\n\t\t\n<style>\n#section_307068482 {\n  padding-top: 50px;\n  padding-bottom: 50px;\n  background-color: rgb(237, 241, 247);\n}\n#section_307068482 .ux-shape-divider--top svg {\n  height: 150px;\n  --divider-top-width: 100%;\n}\n#section_307068482 .ux-shape-divider--bottom svg {\n  height: 150px;\n  --divider-width: 100%;\n}\n<\/style>\n\t<\/section>","protected":false},"excerpt":{"rendered":"","protected":false},"author":1,"featured_media":0,"parent":0,"menu_order":0,"comment_status":"closed","ping_status":"closed","template":"page-blank.php","meta":{"footnotes":""},"class_list":["post-342","page","type-page","status-publish","hentry"],"_links":{"self":[{"href":"https:\/\/sustainablecommunities.eu\/en\/wp-json\/wp\/v2\/pages\/342","targetHints":{"allow":["GET"]}}],"collection":[{"href":"https:\/\/sustainablecommunities.eu\/en\/wp-json\/wp\/v2\/pages"}],"about":[{"href":"https:\/\/sustainablecommunities.eu\/en\/wp-json\/wp\/v2\/types\/page"}],"author":[{"embeddable":true,"href":"https:\/\/sustainablecommunities.eu\/en\/wp-json\/wp\/v2\/users\/1"}],"replies":[{"embeddable":true,"href":"https:\/\/sustainablecommunities.eu\/en\/wp-json\/wp\/v2\/comments?post=342"}],"version-history":[{"count":3,"href":"https:\/\/sustainablecommunities.eu\/en\/wp-json\/wp\/v2\/pages\/342\/revisions"}],"predecessor-version":[{"id":369,"href":"https:\/\/sustainablecommunities.eu\/en\/wp-json\/wp\/v2\/pages\/342\/revisions\/369"}],"wp:attachment":[{"href":"https:\/\/sustainablecommunities.eu\/en\/wp-json\/wp\/v2\/media?parent=342"}],"curies":[{"name":"wp","href":"https:\/\/api.w.org\/{rel}","templated":true}]}}