{"id":350,"date":"2022-02-14T21:26:07","date_gmt":"2022-02-14T21:26:07","guid":{"rendered":"https:\/\/sustainablecommunities.eu\/?page_id=350"},"modified":"2023-12-10T16:58:04","modified_gmt":"2023-12-10T16:58:04","slug":"ecologizari-flag-pastravarii-fagarasului","status":"publish","type":"page","link":"https:\/\/sustainablecommunities.eu\/en\/ecologizari-flag-pastravarii-fagarasului\/","title":{"rendered":"&#034;Greening&#034; of the FLAG P\u0103str\u0103varii District"},"content":{"rendered":"<section class=\"section\" id=\"section_937040880\">\n\t\t<div class=\"bg section-bg fill bg-fill\" >\n\n\t\t\t\n\t\t\t\n\t\t\t\n\n\t\t<\/div>\n\n\t\t\n\n\t\t<div class=\"section-content relative\">\n\t\t\t\n\t<div id=\"gap-2022881907\" class=\"gap-element clearfix\" style=\"display:block; height:auto;\">\n\t\t\n<style>\n#gap-2022881907 {\n  padding-top: 650px;\n}\n<\/style>\n\t<\/div>\n\t\n<div class=\"row align-middle align-center\"  id=\"row-933592433\">\n\n\t<div id=\"col-1776480522\" class=\"col medium-8 small-12 large-8\"  >\n\t\t\t\t<div class=\"col-inner\"  >\n\t\t\t\n\t\t\t\n\t<div id=\"text-539981867\" class=\"text\">\n\t\t\n<h4>SUSTAINABILITY<\/h4>\n<h1><span style=\"font-size: 150%;\"><strong>&#034;Greening&#034; of the FLAG P\u0103str\u0103varii District<\/strong><\/span><\/h1>\n\t\t\n<style>\n#text-539981867 {\n  text-align: center;\n  color: #11b037;\n}\n#text-539981867 > * {\n  color: #11b037;\n}\n<\/style>\n\t<\/div>\n\t\n\t\t<\/div>\n\t\t\t\t\t<\/div>\n\n\t\n\n<style>\n#row-933592433 > .col > .col-inner {\n  padding: 15px 10px 9px 10px;\n  background-color: rgb(255,255,255);\n  border-radius: 20px;\n}\n<\/style>\n<\/div>\n\t\t<\/div>\n\n\t\t\n<style>\n#section_937040880 {\n  padding-top: 0px;\n  padding-bottom: 0px;\n  min-height: 500px;\n}\n#section_937040880 .section-bg.bg-loaded {\n  background-image: url(https:\/\/sustainablecommunities.eu\/wp-content\/uploads\/2022\/02\/DSC02772-scaled.jpg);\n}\n#section_937040880 .section-bg {\n  background-position: 0% 0%;\n}\n#section_937040880 .ux-shape-divider--top svg {\n  height: 150px;\n  --divider-top-width: 100%;\n}\n#section_937040880 .ux-shape-divider--bottom svg {\n  height: 150px;\n  --divider-width: 100%;\n}\n<\/style>\n\t<\/section>\n\t\n\t<section class=\"section\" id=\"section_1384094854\">\n\t\t<div class=\"bg section-bg fill bg-fill  bg-loaded\" >\n\n\t\t\t\n\t\t\t\n\t\t\t\n\n\t\t<\/div>\n\n\t\t\n\n\t\t<div class=\"section-content relative\">\n\t\t\t\n<div class=\"row\"  id=\"row-806757112\">\n\n\t<div id=\"col-1213189157\" class=\"col small-12 large-12\"  >\n\t\t\t\t<div class=\"col-inner\"  >\n\t\t\t\n\t\t\t\n<div class=\"row row-collapse align-middle\"  id=\"row-263324594\">\n\n\t<div id=\"col-672912651\" class=\"col medium-5 small-12 large-6\"  >\n\t\t\t\t<div class=\"col-inner\"  >\n\t\t\t\n\t\t\t\n\n  <div class=\"banner has-hover\" id=\"banner-495532533\">\n          <div class=\"banner-inner fill\">\n        <div class=\"banner-bg fill\" >\n            <div class=\"bg fill bg-fill\"><\/div>\n                                    \n                    <\/div>\n\t\t\n        <div class=\"banner-layers container\">\n            <div class=\"fill banner-link\"><\/div>            \n        <\/div>\n      <\/div>\n\n            \n<style>\n#banner-495532533 {\n  padding-top: 400px;\n}\n#banner-495532533 .bg.bg-loaded {\n  background-image: url(https:\/\/sustainablecommunities.eu\/wp-content\/uploads\/2022\/02\/DSC02864-scaled.jpg);\n}\n#banner-495532533 .ux-shape-divider--top svg {\n  height: 150px;\n  --divider-top-width: 100%;\n}\n#banner-495532533 .ux-shape-divider--bottom svg {\n  height: 150px;\n  --divider-width: 100%;\n}\n@media (min-width:550px) {\n  #banner-495532533 {\n    padding-top: 500px;\n  }\n}\n<\/style>\n  <\/div>\n\n\n\t\t<\/div>\n\t\t\t\t\t<\/div>\n\n\t\n\n\t<div id=\"col-1883353607\" class=\"col team-sorted-info medium-7 small-12 large-6\"  >\n\t\t\t\t<div class=\"col-inner\"  >\n\t\t\t\n\t\t\t\n<h2>Rezultate<\/h2>\n\t<div id=\"gap-1614997229\" class=\"gap-element clearfix\" style=\"display:block; height:auto;\">\n\t\t\n<style>\n#gap-1614997229 {\n  padding-top: 5px;\n}\n<\/style>\n\t<\/div>\n\t\n<p>\u00cen 2019, am lansat patru ac\u021biuni de ecologizare \u00een bazinul hidrografic al FLAG P\u0103str\u0103v\u0103rii Fagara\u0219ului<\/p>\n<div class=\"is-divider divider clearfix\" style=\"margin-top:1.2em;margin-bottom:1.2em;max-width:100%;height:2px;background-color:rgba(0, 0, 0, 0.09);\"><\/div>\n\t\t<\/div>\n\t\t\t\t\n<style>\n#col-1883353607 > .col-inner {\n  padding: 40px 40px 40px 40px;\n}\n<\/style>\n\t<\/div>\n\n\t\n<\/div>\n\t\t<\/div>\n\t\t\t\t\n<style>\n#col-1213189157 > .col-inner {\n  margin: 10px 0px 10px 0px;\n}\n<\/style>\n\t<\/div>\n\n\t\n\n<style>\n#row-806757112 > .col > .col-inner {\n  background-color: rgb(255,255,255);\n}\n<\/style>\n<\/div>\n<div class=\"row\"  id=\"row-1631037450\">\n\n\t<div id=\"col-1452273872\" class=\"col small-12 large-12\"  >\n\t\t\t\t<div class=\"col-inner\"  >\n\t\t\t\n\t\t\t\n<div class=\"row row-collapse align-middle\"  id=\"row-977328056\">\n\n\t<div id=\"col-2028372066\" class=\"col team-sorted-info medium-7 small-12 large-6\"  >\n\t\t\t\t<div class=\"col-inner\"  >\n\t\t\t\n\t\t\t\n<h2>Our partners<\/h2>\n\t<div id=\"gap-962513619\" class=\"gap-element clearfix\" style=\"display:block; height:auto;\">\n\t\t\n<style>\n#gap-962513619 {\n  padding-top: 5px;\n}\n<\/style>\n\t<\/div>\n\t\n\t<div id=\"text-984946792\" class=\"text\">\n\t\t\n<ul>\n<li style=\"font-weight: 400;\" aria-level=\"1\">FLAG P\u0103str\u0103varii F\u0103g\u0103ra\u0219ului<\/li>\n<li style=\"font-weight: 400;\" aria-level=\"1\">O.N. Cerceta\u0219ii Rom\u00e2niei CL Orion Miercurea Ciuc<\/li>\n<li style=\"font-weight: 400;\" aria-level=\"1\">O.N. Cerceta\u0219ii Rom\u00e2niei CL Orizont Bra\u0219ov<\/li>\n<li style=\"font-weight: 400;\" aria-level=\"1\">O.N. Cerceta\u0219ii Rom\u00e2niei CI F\u0103g\u0103ra\u0219<\/li>\n<li style=\"font-weight: 400;\" aria-level=\"1\">The Assembly \"Junii H\u00e2rseniului\"<\/li>\n<li style=\"font-weight: 400;\" aria-level=\"1\">Autorit\u0103\u021bi locale \u0219i \u0219coli gimnaziale din teritoriul FLAG P\u0103str\u0103varii F\u0103g\u0103ra\u0219ului<\/li>\n<li style=\"font-weight: 400;\" aria-level=\"1\">Voluntari din \u021aara F\u0103g\u0103ra\u0219ului<\/li>\n<\/ul>\n<p><strong>The coordinator of the project:<\/strong> S. O. S. In The District<\/p>\n<p><strong>Finan\u021bare:<\/strong> POPAM 2014-2020 prin FLAG P\u0103str\u0103varii F\u0103g\u0103ra\u0219ului<\/p>\n<p><strong>In charge of the project:<\/strong> Vasile Grecu<\/p>\n\t\t\n<style>\n#text-984946792 {\n  color: rgb(0,0,0);\n}\n#text-984946792 > * {\n  color: rgb(0,0,0);\n}\n<\/style>\n\t<\/div>\n\t\n<div class=\"is-divider divider clearfix\" style=\"margin-top:1.2em;margin-bottom:1.2em;max-width:100%;height:2px;background-color:rgba(0, 0, 0, 0.09);\"><\/div>\n\t\t<\/div>\n\t\t\t\t\n<style>\n#col-2028372066 > .col-inner {\n  padding: 40px 40px 40px 40px;\n}\n<\/style>\n\t<\/div>\n\n\t\n\n\t<div id=\"col-979658894\" class=\"col medium-5 small-12 large-6 small-col-first\"  >\n\t\t\t\t<div class=\"col-inner\"  >\n\t\t\t\n\t\t\t\n\n  <div class=\"banner has-hover\" id=\"banner-1359966712\">\n          <div class=\"banner-inner fill\">\n        <div class=\"banner-bg fill\" >\n            <div class=\"bg fill bg-fill\"><\/div>\n                                    \n                    <\/div>\n\t\t\n        <div class=\"banner-layers container\">\n            <div class=\"fill banner-link\"><\/div>            \n        <\/div>\n      <\/div>\n\n            \n<style>\n#banner-1359966712 {\n  padding-top: 400px;\n}\n#banner-1359966712 .bg.bg-loaded {\n  background-image: url(https:\/\/sustainablecommunities.eu\/wp-content\/uploads\/2022\/02\/PRKG9515.jpg);\n}\n#banner-1359966712 .bg {\n  background-position: 56% 82%;\n}\n#banner-1359966712 .ux-shape-divider--top svg {\n  height: 150px;\n  --divider-top-width: 100%;\n}\n#banner-1359966712 .ux-shape-divider--bottom svg {\n  height: 150px;\n  --divider-width: 100%;\n}\n@media (min-width:550px) {\n  #banner-1359966712 {\n    padding-top: 500px;\n  }\n}\n<\/style>\n  <\/div>\n\n\n\t\t<\/div>\n\t\t\t\t\t<\/div>\n\n\t\n<\/div>\n\t\t<\/div>\n\t\t\t\t\n<style>\n#col-1452273872 > .col-inner {\n  margin: 10px 0px 10px 0px;\n}\n<\/style>\n\t<\/div>\n\n\t\n\n<style>\n#row-1631037450 > .col > .col-inner {\n  background-color: rgb(255,255,255);\n}\n<\/style>\n<\/div>\n\t\t<\/div>\n\n\t\t\n<style>\n#section_1384094854 {\n  padding-top: 60px;\n  padding-bottom: 60px;\n  background-color: rgb(255,255,255);\n}\n#section_1384094854 .ux-shape-divider--top svg {\n  height: 150px;\n  --divider-top-width: 100%;\n}\n#section_1384094854 .ux-shape-divider--bottom svg {\n  height: 150px;\n  --divider-width: 100%;\n}\n<\/style>\n\t<\/section>\n\t\n<div class=\"row\"  id=\"row-386733344\">\n\n\t<div id=\"col-1742431441\" class=\"col small-12 large-12\"  >\n\t\t\t\t<div class=\"col-inner\"  >\n\t\t\t\n\t\t\t\n\t<div id=\"text-1882910755\" class=\"text\">\n\t\t\n<h2>Apari\u021bii \u00een media<\/h2>\n\t\t\n<style>\n#text-1882910755 {\n  text-align: center;\n}\n<\/style>\n\t<\/div>\n\t\n\t\t<\/div>\n\t\t\t\t\t<\/div>\n\n\t\n\n\t<div id=\"col-486527265\" class=\"col medium-4 small-12 large-4\"  >\n\t\t\t\t<div class=\"col-inner\"  >\n\t\t\t\n\t\t\t\n<div class=\"video video-fit mb\" style=\"padding-top:56.25%;\"><p><iframe loading=\"lazy\" title=\"Educatia ecologica trebuie facuta din scoala. - Vasile Grecu\" width=\"1020\" height=\"574\" src=\"https:\/\/www.youtube.com\/embed\/DEnkAw-Lzk4?feature=oembed\" frameborder=\"0\" allow=\"accelerometer; autoplay; clipboard-write; encrypted-media; gyroscope; picture-in-picture\" allowfullscreen><\/iframe><\/p>\n<\/div>\n\t\t<\/div>\n\t\t\t\t\t<\/div>\n\n\t\n\n\t<div id=\"col-1386869909\" class=\"col medium-4 small-12 large-4\"  >\n\t\t\t\t<div class=\"col-inner\"  >\n\t\t\t\n\t\t\t\n<div class=\"video video-fit mb\" style=\"padding-top:56.25%;\"><p><iframe loading=\"lazy\" title=\"Actiune de ecologizare la Dumbravita\" width=\"1020\" height=\"574\" src=\"https:\/\/www.youtube.com\/embed\/fZ3ndfnDYEw?feature=oembed\" frameborder=\"0\" allow=\"accelerometer; autoplay; clipboard-write; encrypted-media; gyroscope; picture-in-picture\" allowfullscreen><\/iframe><\/p>\n<\/div>\n<div class=\"video video-fit mb\" style=\"padding-top:56.25%;\"><p><iframe loading=\"lazy\" title=\"Turismul educational in teritoriul FLAG Pastravarii Fagarasului. - Vasile Grecu\" width=\"1020\" height=\"574\" src=\"https:\/\/www.youtube.com\/embed\/OvwsaEhLDw8?feature=oembed\" frameborder=\"0\" allow=\"accelerometer; autoplay; clipboard-write; encrypted-media; gyroscope; picture-in-picture; web-share\" allowfullscreen><\/iframe><\/p>\n<\/div>\n\t\t<\/div>\n\t\t\t\t\t<\/div>\n\n\t\n\n\t<div id=\"col-218037981\" class=\"col medium-4 small-12 large-4\"  >\n\t\t\t\t<div class=\"col-inner\"  >\n\t\t\t\n\t\t\t\n<div class=\"video video-fit mb\" style=\"padding-top:56.25%;\"><p><iframe loading=\"lazy\" title=\"Cercetasii Romaniei au strans  gunoaiele din jurul raului Olt\" width=\"1020\" height=\"574\" src=\"https:\/\/www.youtube.com\/embed\/Q-e-Es0JJrM?feature=oembed\" frameborder=\"0\" allow=\"accelerometer; autoplay; clipboard-write; encrypted-media; gyroscope; picture-in-picture\" allowfullscreen><\/iframe><\/p>\n<\/div>\n\t\t<\/div>\n\t\t\t\t\t<\/div>\n\n\t\n<\/div>\n\t<section class=\"section\" id=\"section_538375410\">\n\t\t<div class=\"bg section-bg fill bg-fill  bg-loaded\" >\n\n\t\t\t\n\t\t\t\n\t\t\t\n\n\t\t<\/div>\n\n\t\t\n\n\t\t<div class=\"section-content relative\">\n\t\t\t\n<div class=\"row\"  id=\"row-1191121871\">\n\n\t<div id=\"col-1493668636\" class=\"col small-12 large-12\"  >\n\t\t\t\t<div class=\"col-inner text-center\"  >\n\t\t\t\n\t\t\t\n<h2>How can you support us?<\/h2>\n<div class=\"row\"  id=\"row-32734033\">\n\n\t<div id=\"col-1711835976\" class=\"col small-12 large-12\"  >\n\t\t\t\t<div class=\"col-inner\"  >\n\t\t\t\n\t\t\t\n<p>Sprijinind financiar activitatea proiectului\u00a0<em><strong>Education and sustainable communities<\/strong>\u00a0<\/em>prin dona\u021bii \u00een bani sau \u00een natur\u0103<\/p>\n<p>Redirec\u021bion\u00e2nd 20% din impozitul \u00eentreprinderii sau complet\u00e2nd formularul 230 \u00een favoarea Asocia\u021biei S.O.S. \u021aara F\u0103g\u0103ra\u0219ului<\/p>\n\t\t<\/div>\n\t\t\t\t\t<\/div>\n\n\t\n<\/div>\n<a class=\"button primary is-large\"  >\n    <span>Implic\u0103-te acum<\/span>\n  <\/a>\n\n\t\t<\/div>\n\t\t\t\t\n<style>\n#col-1493668636 > .col-inner {\n  padding: 0px 0px 0px 0px;\n  margin: 0px 0px -39px 0px;\n}\n<\/style>\n\t<\/div>\n\n\t\n<\/div>\n\t\t<\/div>\n\n\t\t\n<style>\n#section_538375410 {\n  padding-top: 50px;\n  padding-bottom: 50px;\n  background-color: rgb(237, 241, 247);\n}\n#section_538375410 .ux-shape-divider--top svg {\n  height: 150px;\n  --divider-top-width: 100%;\n}\n#section_538375410 .ux-shape-divider--bottom svg {\n  height: 150px;\n  --divider-width: 100%;\n}\n<\/style>\n\t<\/section>","protected":false},"excerpt":{"rendered":"","protected":false},"author":1,"featured_media":0,"parent":0,"menu_order":0,"comment_status":"closed","ping_status":"closed","template":"page-blank.php","meta":{"footnotes":""},"class_list":["post-350","page","type-page","status-publish","hentry"],"_links":{"self":[{"href":"https:\/\/sustainablecommunities.eu\/en\/wp-json\/wp\/v2\/pages\/350","targetHints":{"allow":["GET"]}}],"collection":[{"href":"https:\/\/sustainablecommunities.eu\/en\/wp-json\/wp\/v2\/pages"}],"about":[{"href":"https:\/\/sustainablecommunities.eu\/en\/wp-json\/wp\/v2\/types\/page"}],"author":[{"embeddable":true,"href":"https:\/\/sustainablecommunities.eu\/en\/wp-json\/wp\/v2\/users\/1"}],"replies":[{"embeddable":true,"href":"https:\/\/sustainablecommunities.eu\/en\/wp-json\/wp\/v2\/comments?post=350"}],"version-history":[{"count":6,"href":"https:\/\/sustainablecommunities.eu\/en\/wp-json\/wp\/v2\/pages\/350\/revisions"}],"predecessor-version":[{"id":605,"href":"https:\/\/sustainablecommunities.eu\/en\/wp-json\/wp\/v2\/pages\/350\/revisions\/605"}],"wp:attachment":[{"href":"https:\/\/sustainablecommunities.eu\/en\/wp-json\/wp\/v2\/media?parent=350"}],"curies":[{"name":"wp","href":"https:\/\/api.w.org\/{rel}","templated":true}]}}