{"id":402,"date":"2022-02-25T15:15:30","date_gmt":"2022-02-25T15:15:30","guid":{"rendered":"https:\/\/sustainablecommunities.eu\/?page_id=402"},"modified":"2025-12-19T14:00:55","modified_gmt":"2025-12-19T14:00:55","slug":"la-copacel-de-sarbatori","status":"publish","type":"page","link":"https:\/\/sustainablecommunities.eu\/en\/la-copacel-de-sarbatori\/","title":{"rendered":"Holidays in Cop\u0103cel"},"content":{"rendered":"<section class=\"section\" id=\"section_1779379604\">\n\t\t<div class=\"bg section-bg fill bg-fill\" >\n\n\t\t\t\n\t\t\t\n\t\t\t\n\n\t\t<\/div>\n\n\t\t\n\n\t\t<div class=\"section-content relative\">\n\t\t\t\n\t\t<\/div>\n\n\t\t\n<style>\n#section_1779379604 {\n  padding-top: 0px;\n  padding-bottom: 0px;\n  min-height: 500px;\n}\n#section_1779379604 .section-bg.bg-loaded {\n  background-image: url(https:\/\/sustainablecommunities.eu\/wp-content\/uploads\/2022\/01\/2019-lansarea-lui-TAMI-la-Copacel.jpg);\n}\n#section_1779379604 .section-bg {\n  background-position: 0% 12%;\n}\n#section_1779379604 .ux-shape-divider--top svg {\n  height: 150px;\n  --divider-top-width: 100%;\n}\n#section_1779379604 .ux-shape-divider--bottom svg {\n  height: 150px;\n  --divider-width: 100%;\n}\n<\/style>\n\t<\/section>\n\t\n<div class=\"row row-small align-middle align-center\"  id=\"row-815180817\">\n\n\t<div id=\"col-1763916923\" class=\"col medium-8 small-12 large-8\"  >\n\t\t\t\t<div class=\"col-inner\"  >\n\t\t\t\n\t\t\t\n\t<div id=\"text-1974721460\" class=\"text\">\n\t\t\n<h4>THE PRESERVATION OF THE IDENTITY OF THE LOCAL<\/h4>\n<h1><span style=\"font-size: 150%;\"><strong>Holidays in Cop\u0103cel<br \/>\n<\/strong><\/span><\/h1>\n\t\t\n<style>\n#text-1974721460 {\n  text-align: center;\n  color: #11b037;\n}\n#text-1974721460 > * {\n  color: #11b037;\n}\n<\/style>\n\t<\/div>\n\t\n\t\t<\/div>\n\t\t\t\t\t<\/div>\n\n\t\n<\/div>\n\t<section class=\"section\" id=\"section_926094461\">\n\t\t<div class=\"bg section-bg fill bg-fill  bg-loaded\" >\n\n\t\t\t\n\t\t\t\n\t\t\t\n\n\t\t<\/div>\n\n\t\t\n\n\t\t<div class=\"section-content relative\">\n\t\t\t\n\t<div id=\"gap-1459549997\" class=\"gap-element clearfix\" style=\"display:block; height:auto;\">\n\t\t\n<style>\n#gap-1459549997 {\n  padding-top: 30px;\n}\n<\/style>\n\t<\/div>\n\t\n<div class=\"row align-middle\"  id=\"row-1258964945\">\n\n\t<div id=\"col-1733318812\" class=\"col medium-4 small-12 large-4\"  >\n\t\t\t\t<div class=\"col-inner\"  >\n\t\t\t\n\t<div class=\"is-border\"\n\t\tstyle=\"border-width:0px 0px 0px 0px;\">\n\t<\/div>\n\t\t\t\n\t<div class=\"img has-hover x md-x lg-x y md-y lg-y\" id=\"image_60676354\">\n\t\t\t\t\t\t\t\t<div class=\"img-inner dark\" >\n\t\t\t<img loading=\"lazy\" decoding=\"async\" width=\"996\" height=\"1024\" src=\"https:\/\/sustainablecommunities.eu\/wp-content\/uploads\/2021\/05\/6.Tamy-05-996x1024.png\" class=\"attachment-large size-large\" alt=\"\" srcset=\"https:\/\/sustainablecommunities.eu\/wp-content\/uploads\/2021\/05\/6.Tamy-05-996x1024.png 996w, https:\/\/sustainablecommunities.eu\/wp-content\/uploads\/2021\/05\/6.Tamy-05-292x300.png 292w, https:\/\/sustainablecommunities.eu\/wp-content\/uploads\/2021\/05\/6.Tamy-05-768x789.png 768w, https:\/\/sustainablecommunities.eu\/wp-content\/uploads\/2021\/05\/6.Tamy-05-1494x1536.png 1494w, https:\/\/sustainablecommunities.eu\/wp-content\/uploads\/2021\/05\/6.Tamy-05-1993x2048.png 1993w\" sizes=\"auto, (max-width: 996px) 100vw, 996px\" \/>\t\t\t\t\t\t\n\t\t\t\t\t<\/div>\n\t\t\t\t\t\t\t\t\n<style>\n#image_60676354 {\n  width: 100%;\n}\n<\/style>\n\t<\/div>\n\t\n\t\t<\/div>\n\t\t\t\t\n<style>\n#col-1733318812 > .col-inner {\n  margin: 0px 0px -30px 0px;\n}\n<\/style>\n\t<\/div>\n\n\t\n\n\t<div id=\"col-1404220108\" class=\"col medium-8 small-12 large-8\"  >\n\t\t\t\t<div class=\"col-inner\"  >\n\t\t\t\n\t\t\t\n<p class=\"alt-font\">Bun\u0103! Am ve\u0219ti bune!<\/p>\n<p>\u00a0 \u00a0Anul acesta edi\u021bia a\u00a0 XVIII \u2013 a a festivalul \u00a0\u201dLA COP\u0102CEL DE S\u0102RB\u0102TORI\u201d,\u00a0 \u00a0se va desf\u0103\u0219ura conform tradi\u021biei \u00een ziua de 27 decembrie 2025.\u00a0<\/p>\n<p>\u00a0 \u00a0 Programul \u00eencepe la ora 10 cu slujba de Sf. \u0218tefan de la Biserica Sf\u00e2nta Treime \u0219i continu\u0103 la ora 17 cu spectacolul de tradi\u021bii \u0219i obiceiuri de s\u0103rb\u0103tori.\u00a0<\/p>\n<p>\u00a0 \u00a0Intrarea este liber\u0103. Dac\u0103 a\u021bi fost cumin\u021bi o s\u0103 vin\u0103 \u0219i Mo\u0219 Cr\u0103ciun!<\/p>\n<p>\u00a0<span style=\"text-align: right;\">\u2013 TAMI<\/span><\/p>\n\t\t<\/div>\n\t\t\t\t\n<style>\n#col-1404220108 > .col-inner {\n  margin: 0px 0px -30px 0px;\n}\n<\/style>\n\t<\/div>\n\n\t\n\n<style>\n#row-1258964945 > .col > .col-inner {\n  padding: 0px 0px 0px 0px;\n}\n<\/style>\n<\/div>\n\t\t<\/div>\n\n\t\t\n<style>\n#section_926094461 {\n  padding-top: 0px;\n  padding-bottom: 0px;\n  background-color: rgb(237, 241, 247);\n}\n#section_926094461 .ux-shape-divider--top svg {\n  height: 150px;\n  --divider-top-width: 100%;\n}\n#section_926094461 .ux-shape-divider--bottom svg {\n  height: 150px;\n  --divider-width: 100%;\n}\n<\/style>\n\t<\/section>\n\t\n\t<section class=\"section dark\" id=\"section_802837550\">\n\t\t<div class=\"bg section-bg fill bg-fill  bg-loaded\" >\n\n\t\t\t\n\t\t\t\n\t\t\t\n\n\t\t<\/div>\n\n\t\t\n\n\t\t<div class=\"section-content relative\">\n\t\t\t\n<div class=\"row align-center\"  id=\"row-1742836051\">\n\n\t<div id=\"col-1321045216\" class=\"col medium-8 small-12 large-8\"  >\n\t\t\t\t<div class=\"col-inner\"  >\n\t\t\t\n\t\t\t\n\t<div id=\"text-1708671813\" class=\"text\">\n\t\t\n<h2><span data-text-color=\"success\">Beneficiaries<\/span><\/h2>\n<p>The inhabitants of \u021aara F\u0103g\u0103ra\u0219ului, and tourists in the area, on the 27th of December<\/p>\n\t\t\n<style>\n#text-1708671813 {\n  text-align: center;\n  color: rgb(0,0,0);\n}\n#text-1708671813 > * {\n  color: rgb(0,0,0);\n}\n<\/style>\n\t<\/div>\n\t\n\t\t<\/div>\n\t\t\t\t\t<\/div>\n\n\t\n\n<style>\n#row-1742836051 > .col > .col-inner {\n  padding: 10px 0px 0px 0px;\n  background-color: rgb(255,255,255);\n  border-radius: 50px;\n}\n<\/style>\n<\/div>\n<div class=\"row align-center\"  id=\"row-2020286166\">\n\n\t<div id=\"col-555856602\" class=\"col medium-8 small-12 large-8\"  >\n\t\t\t\t<div class=\"col-inner\" style=\"background-color:rgb(255,255,255);\" >\n\t\t\t\n\t\t\t\n\t<div id=\"text-1787129823\" class=\"text\">\n\t\t\n<h2><span data-text-color=\"success\">Goals<\/span><\/h2>\n<p>The preservation of the customs and traditions of the local<br \/>The promotion of young talent out of \u021aara F\u0103g\u0103ra\u0219ului <br \/>The stimulation of children&#039;s and young people in the community to learn about and take pride on the local customs and traditions<\/p>\n\t\t\n<style>\n#text-1787129823 {\n  text-align: center;\n  color: rgb(0,0,0);\n}\n#text-1787129823 > * {\n  color: rgb(0,0,0);\n}\n<\/style>\n\t<\/div>\n\t\n\t\t<\/div>\n\t\t\t\t\t<\/div>\n\n\t\n\n<style>\n#row-2020286166 > .col > .col-inner {\n  padding: 10px 10px 0px 10px;\n  background-color: rgb(255,255,255);\n  border-radius: 50px;\n}\n<\/style>\n<\/div>\n<div class=\"row align-center\"  id=\"row-918758908\">\n\n\t<div id=\"col-1617800663\" class=\"col medium-8 small-12 large-8\"  >\n\t\t\t\t<div class=\"col-inner\" style=\"background-color:rgb(255,255,255);\" >\n\t\t\t\n\t\t\t\n\t<div id=\"text-3802326070\" class=\"text\">\n\t\t\n<h2 style=\"text-align: center;\"><span data-text-color=\"success\">Expected results<\/span><\/h2>\n<p style=\"text-align: center;\">The organization in the best possible conditions to the festival every year, from the 27th of December<\/p>\n\t\t\n<style>\n#text-3802326070 {\n  color: rgb(0,0,0);\n}\n#text-3802326070 > * {\n  color: rgb(0,0,0);\n}\n<\/style>\n\t<\/div>\n\t\n\t\t<\/div>\n\t\t\t\t\t<\/div>\n\n\t\n\n<style>\n#row-918758908 > .col > .col-inner {\n  padding: 10px 10px 0px 10px;\n  background-color: rgb(255,255,255);\n  border-radius: 50px;\n}\n<\/style>\n<\/div>\n\t\t<\/div>\n\n\t\t\n<style>\n#section_802837550 {\n  padding-top: 30px;\n  padding-bottom: 30px;\n  background-color: rgb(246, 246, 246);\n}\n#section_802837550 .ux-shape-divider--top svg {\n  height: 150px;\n  --divider-top-width: 100%;\n}\n#section_802837550 .ux-shape-divider--bottom svg {\n  height: 150px;\n  --divider-width: 100%;\n}\n<\/style>\n\t<\/section>\n\t\n\t<section class=\"section\" id=\"section_1393344377\">\n\t\t<div class=\"bg section-bg fill bg-fill  bg-loaded\" >\n\n\t\t\t\n\t\t\t\n\t\t\t\n\n\t\t<\/div>\n\n\t\t\n\n\t\t<div class=\"section-content relative\">\n\t\t\t\n\t<div id=\"gap-966241630\" class=\"gap-element clearfix\" style=\"display:block; height:auto;\">\n\t\t\n<style>\n#gap-966241630 {\n  padding-top: 30px;\n}\n<\/style>\n\t<\/div>\n\t\n<div class=\"row align-center\"  id=\"row-815746996\">\n\n\t<div id=\"col-1235217491\" class=\"col medium-11 small-12 large-11\"  >\n\t\t\t\t<div class=\"col-inner text-center\" style=\"background-color:rgb(227, 248, 221);\" >\n\t\t\t\n\t\t\t\n\t<div id=\"text-2260040127\" class=\"text\">\n\t\t\n<h2>Get involved<\/h2>\n\t\t\n<style>\n#text-2260040127 {\n  font-size: 1.75rem;\n  color: rgb(0,0,0);\n}\n#text-2260040127 > * {\n  color: rgb(0,0,0);\n}\n@media (min-width:550px) {\n  #text-2260040127 {\n    font-size: 1.25rem;\n  }\n}\n<\/style>\n\t<\/div>\n\t\n\t<div id=\"gap-846785397\" class=\"gap-element clearfix\" style=\"display:block; height:auto;\">\n\t\t\n<style>\n#gap-846785397 {\n  padding-top: 15px;\n}\n<\/style>\n\t<\/div>\n\t\n<div class=\"row row-collapse align-middle align-center\"  id=\"row-1395944167\">\n\n\t<div id=\"col-1096226605\" class=\"col medium-10 small-12 large-10\"  >\n\t\t\t\t<div class=\"col-inner\"  >\n\t\t\t\n\t\t\t\n<div class=\"row row-small align-middle align-center\"  id=\"row-806579701\">\n\n\t<div id=\"col-1714731929\" class=\"col medium-3 small-12 large-3\"  >\n\t\t\t\t<div class=\"col-inner\"  >\n\t\t\t\n\t\t\t\n<a href=\"\/en\/donatii-directe\/\" target=\"_self\" class=\"button success is-outline\"  >\n    <span>Direct donations<\/span>\n  <\/a>\n\n\t\t<\/div>\n\t\t\t\t\t<\/div>\n\n\t\n\n\t<div id=\"col-1515888475\" class=\"col medium-3 small-12 large-3\"  >\n\t\t\t\t<div class=\"col-inner\"  >\n\t\t\t\n\t\t\t\n<a href=\"\/en\/voluntariat\/\" target=\"_self\" class=\"button success is-outline\"  >\n    <span>Volunteer work casual<\/span>\n  <\/a>\n\n\t\t<\/div>\n\t\t\t\t\t<\/div>\n\n\t\n\n\t<div id=\"col-23338498\" class=\"col medium-3 small-12 large-3\"  >\n\t\t\t\t<div class=\"col-inner\"  >\n\t\t\t\n\t\t\t\n<a href=\"\/en\/donatii-in-natura\/\" target=\"_self\" class=\"button success is-outline\"  >\n    <span>In-kind donations<\/span>\n  <\/a>\n\n\t\t<\/div>\n\t\t\t\t\t<\/div>\n\n\t\n\n<style>\n#row-806579701 > .col > .col-inner {\n  padding: 0px 0px 0px 0px;\n}\n<\/style>\n<\/div>\n<div class=\"row row-small align-middle align-center\"  id=\"row-1391012591\">\n\n\t<div id=\"col-13292799\" class=\"col medium-4 small-12 large-4\"  >\n\t\t\t\t<div class=\"col-inner\"  >\n\t\t\t\n\t\t\t\n<a href=\"\/en\/donatie-35-din-impozit\/\" target=\"_self\" class=\"button success is-outline\"  >\n    <span>3.5% tax on payroll<\/span>\n  <\/a>\n\n\t\t<\/div>\n\t\t\t\t\t<\/div>\n\n\t\n\n\t<div id=\"col-17449844\" class=\"col medium-4 small-12 large-4\"  >\n\t\t\t\t<div class=\"col-inner\"  >\n\t\t\t\n\t\t\t\n<a href=\"https:\/\/sustainablecommunities.eu\/en\/doneaza-20-impozitul-firmei\/\" target=\"_self\" class=\"button success is-outline\"  >\n    <span>20% OF THE INCOME OF THE COMPANY<\/span>\n  <\/a>\n\n\t\t<\/div>\n\t\t\t\t\t<\/div>\n\n\t\n<\/div>\n\t\t<\/div>\n\t\t\t\t\n<style>\n#col-1096226605 > .col-inner {\n  padding: 0px 0px 0px 0px;\n  margin: 0px 0px -21px 0px;\n}\n<\/style>\n\t<\/div>\n\n\t\n<\/div>\n\t\t<\/div>\n\t\t\t\t\n<style>\n#col-1235217491 > .col-inner {\n  border-radius: 35px;\n}\n<\/style>\n\t<\/div>\n\n\t\n\n<style>\n#row-815746996 > .col > .col-inner {\n  padding: 15px 0px 15px 0px;\n}\n<\/style>\n<\/div>\n\t\t<\/div>\n\n\t\t\n<style>\n#section_1393344377 {\n  padding-top: 0px;\n  padding-bottom: 0px;\n}\n#section_1393344377 .ux-shape-divider--top svg {\n  height: 150px;\n  --divider-top-width: 100%;\n}\n#section_1393344377 .ux-shape-divider--bottom svg {\n  height: 150px;\n  --divider-width: 100%;\n}\n<\/style>\n\t<\/section>\n\t\n\n\n\n\t<section class=\"section\" id=\"section_975361100\">\n\t\t<div class=\"bg section-bg fill bg-fill  bg-loaded\" >\n\n\t\t\t\n\t\t\t\n\t\t\t\n\n\t\t<\/div>\n\n\t\t\n\n\t\t<div class=\"section-content relative\">\n\t\t\t\n<div class=\"row align-middle align-center\"  id=\"row-1087378712\">\n\n\t<div id=\"col-1328618980\" class=\"col small-12 large-12\"  >\n\t\t\t\t<div class=\"col-inner text-center\"  >\n\t\t\t\n\t\t\t\n<h6>JOIN US<\/h6>\n<h2>Partners of the project<\/h2>\n<div class=\"row\"  id=\"row-1950507475\">\n\n\t<div id=\"col-1057315627\" class=\"col small-12 large-12\"  >\n\t\t\t\t<div class=\"col-inner\"  >\n\t\t\t\n\t\t\t\n<p>The Assembly \"Junii H\u00e2rseniului\"<br \/>The Assembly \u021aara F\u0103g\u0103ra\u0219ului<br \/>Mariana Sandru<br \/>The Boy Scouts Of Romania<br \/>Agro TV<br \/>F\u0103g\u0103ra\u0219 TV<br \/>CL and the City H\u00e2rseni<br \/>Parishes of the orthodox and Greek-catholic church in Cop\u0103cel<\/p>\n<p><strong>The coordinator of the project<\/strong>: S. O. S. \u021aara F\u0103g\u0103ra\u0219ului<\/p>\n<p><strong>In charge of the project<\/strong>: Vasile Grecu<\/p>\n\t\t<\/div>\n\t\t\t\t\t<\/div>\n\n\t\n<\/div>\n\t\t<\/div>\n\t\t\t\t\t<\/div>\n\n\t\n<\/div>\n\t\t<\/div>\n\n\t\t\n<style>\n#section_975361100 {\n  padding-top: 0px;\n  padding-bottom: 0px;\n  margin-bottom: -55px;\n  background-color: rgb(255, 255, 255);\n}\n#section_975361100 .ux-shape-divider--top svg {\n  height: 150px;\n  --divider-top-width: 100%;\n}\n#section_975361100 .ux-shape-divider--bottom svg {\n  height: 150px;\n  --divider-width: 100%;\n}\n<\/style>\n\t<\/section>\n\t\n\t<section class=\"section\" id=\"section_1176789524\">\n\t\t<div class=\"bg section-bg fill bg-fill  bg-loaded\" >\n\n\t\t\t\n\t\t\t\n\t\t\t\n\n\t\t<\/div>\n\n\t\t\n\n\t\t<div class=\"section-content relative\">\n\t\t\t\n\t<div id=\"gap-1121679833\" class=\"gap-element clearfix\" style=\"display:block; height:auto;\">\n\t\t\n<style>\n#gap-1121679833 {\n  padding-top: 0px;\n}\n<\/style>\n\t<\/div>\n\t\n<div class=\"row\"  id=\"row-1925190567\">\n\n\t<div id=\"col-411861269\" class=\"col small-12 large-12\"  >\n\t\t\t\t<div class=\"col-inner text-center\"  >\n\t\t\t\n\t\t\t\n<h2>How can you support us?<\/h2>\n<div class=\"row\"  id=\"row-760081502\">\n\n\t<div id=\"col-1585794188\" class=\"col small-12 large-12\"  >\n\t\t\t\t<div class=\"col-inner\"  >\n\t\t\t\n\t\t\t\n<p>By taking part in the event as a spectator<\/p>\n<p>By participating as a volunteer in the organisation or in the art<\/p>\n<p>Bringing the contribution of the art in the context of the festival if you have interests\/talents<\/p>\n<p>By financially supporting the work of the preparation and realization of the festival by making donations in cash or in kind<\/p>\n<p>Whilst 20% of the income of the enterprise, or by filling out the form to 230 is attached to the favor of the Association&#039;s S. O. S. in the District <\/p>\n\t\t<\/div>\n\t\t\t\t\t<\/div>\n\n\t\n<\/div>\n\t\t<\/div>\n\t\t\t\t\n<style>\n#col-411861269 > .col-inner {\n  padding: 0px 0px 0px 0px;\n  margin: 0px 0px -39px 0px;\n}\n<\/style>\n\t<\/div>\n\n\t\n<\/div>\n\t\t<\/div>\n\n\t\t\n<style>\n#section_1176789524 {\n  padding-top: 50px;\n  padding-bottom: 50px;\n  background-color: rgb(237, 241, 247);\n}\n#section_1176789524 .ux-shape-divider--top svg {\n  height: 150px;\n  --divider-top-width: 100%;\n}\n#section_1176789524 .ux-shape-divider--bottom svg {\n  height: 150px;\n  --divider-width: 100%;\n}\n<\/style>\n\t<\/section>","protected":false},"excerpt":{"rendered":"","protected":false},"author":1,"featured_media":0,"parent":0,"menu_order":0,"comment_status":"closed","ping_status":"closed","template":"page-blank.php","meta":{"footnotes":""},"class_list":["post-402","page","type-page","status-publish","hentry"],"_links":{"self":[{"href":"https:\/\/sustainablecommunities.eu\/en\/wp-json\/wp\/v2\/pages\/402","targetHints":{"allow":["GET"]}}],"collection":[{"href":"https:\/\/sustainablecommunities.eu\/en\/wp-json\/wp\/v2\/pages"}],"about":[{"href":"https:\/\/sustainablecommunities.eu\/en\/wp-json\/wp\/v2\/types\/page"}],"author":[{"embeddable":true,"href":"https:\/\/sustainablecommunities.eu\/en\/wp-json\/wp\/v2\/users\/1"}],"replies":[{"embeddable":true,"href":"https:\/\/sustainablecommunities.eu\/en\/wp-json\/wp\/v2\/comments?post=402"}],"version-history":[{"count":11,"href":"https:\/\/sustainablecommunities.eu\/en\/wp-json\/wp\/v2\/pages\/402\/revisions"}],"predecessor-version":[{"id":1011,"href":"https:\/\/sustainablecommunities.eu\/en\/wp-json\/wp\/v2\/pages\/402\/revisions\/1011"}],"wp:attachment":[{"href":"https:\/\/sustainablecommunities.eu\/en\/wp-json\/wp\/v2\/media?parent=402"}],"curies":[{"name":"wp","href":"https:\/\/api.w.org\/{rel}","templated":true}]}}