{"id":46,"date":"2021-05-14T09:56:52","date_gmt":"2021-05-14T09:56:52","guid":{"rendered":"https:\/\/sustainablecommunities.eu\/?page_id=46"},"modified":"2026-04-08T12:02:35","modified_gmt":"2026-04-08T12:02:35","slug":"homepage","status":"publish","type":"page","link":"https:\/\/sustainablecommunities.eu\/en\/","title":{"rendered":"Homepage"},"content":{"rendered":"<section class=\"section dark\" id=\"section_149700923\">\n\t\t<div class=\"bg section-bg fill bg-fill\" >\n\n\t\t\t\n\t\t\t<div class=\"section-bg-overlay absolute fill\"><\/div>\n\t\t\t\n\n\t\t<\/div>\n\n\t\t\n\n\t\t<div class=\"section-content relative\">\n\t\t\t\n<div class=\"row align-center\"  id=\"row-1319733341\">\n\n\t<div id=\"col-2101390220\" class=\"col medium-10 small-12 large-8\"  >\n\t\t\t\t<div class=\"col-inner text-center\" style=\"background-color:rgb(255, 255, 255);\" >\n\t\t\t\n\t\t\t\n\t<div id=\"text-3569318507\" class=\"text\">\n\t\t\n<h1><span style=\"font-size: 150%;\">Sustainable communities<\/span><\/h1>\n<h6>FOR A COUNTRY OF MORE OF THE GREEN<\/h6>\n\t\t\n<style>\n#text-3569318507 {\n  font-size: 1rem;\n  text-align: center;\n  color: #11b037;\n}\n#text-3569318507 > * {\n  color: #11b037;\n}\n<\/style>\n\t<\/div>\n\t\n\t\t<\/div>\n\t\t\t\t\n<style>\n#col-2101390220 > .col-inner {\n  padding: 20px 0px 21px 0px;\n  margin: 48px 0px 0px 0px;\n  border-radius: 20px;\n}\n<\/style>\n\t<\/div>\n\n\t\n<\/div>\n\t\t<\/div>\n\n\t\t\n<style>\n#section_149700923 {\n  padding-top: 30px;\n  padding-bottom: 30px;\n  min-height: 700px;\n}\n#section_149700923 .section-bg-overlay {\n  background-color: rgba(255, 255, 255, 0.087);\n}\n#section_149700923 .section-bg.bg-loaded {\n  background-image: url(https:\/\/sustainablecommunities.eu\/wp-content\/uploads\/2022\/01\/home-scaled.jpg);\n}\n#section_149700923 .section-bg {\n  background-position: 0% 37%;\n}\n#section_149700923 .ux-shape-divider--top svg {\n  height: 150px;\n  --divider-top-width: 100%;\n}\n#section_149700923 .ux-shape-divider--bottom svg {\n  height: 150px;\n  --divider-width: 100%;\n}\n<\/style>\n\t<\/section>\n\t\n\t<section class=\"section\" id=\"section_2100869511\">\n\t\t<div class=\"bg section-bg fill bg-fill  bg-loaded\" >\n\n\t\t\t\n\t\t\t\n\t\t\t\n\n\t\t<\/div>\n\n\t\t\n\n\t\t<div class=\"section-content relative\">\n\t\t\t\n<div class=\"row\"  id=\"row-481226267\">\n\n\t<div id=\"col-430749961\" class=\"col small-12 large-12\"  >\n\t\t\t\t<div class=\"col-inner text-center\"  >\n\t\t\t\n\t\t\t\n\t<div id=\"text-905963411\" class=\"text\">\n\t\t\n<p><strong>Established in the year 2005, the Association of S. O. S. \u021aara F\u0103g\u0103ra\u0219ului has as its goal the development of sustainable communities in the \u021aara F\u0103g\u0103ra\u0219ului through the promotion of the potential of the material and the spiritual side of the area in order to exploit the immense cultural heritage of the natural, material and cultural existence.<\/strong><\/p>\n<p><img loading=\"lazy\" decoding=\"async\" class=\"alignnonewp-image-103\" src=\"https:\/\/sustainablecommunities.eu\/wp-content\/uploads\/2021\/05\/Sigla-removebg-preview-1-300x300.png\" alt=\"\" width=\"134\" height=\"134\" srcset=\"https:\/\/sustainablecommunities.eu\/wp-content\/uploads\/2021\/05\/Sigla-removebg-preview-1-300x300.png 300w, https:\/\/sustainablecommunities.eu\/wp-content\/uploads\/2021\/05\/Sigla-removebg-preview-1-150x150.png 150w, https:\/\/sustainablecommunities.eu\/wp-content\/uploads\/2021\/05\/Sigla-removebg-preview-1.png 500w\" sizes=\"auto, (max-width: 134px) 100vw, 134px\" \/><\/p>\n\t\t\n<style>\n#text-905963411 {\n  font-size: 1.25rem;\n}\n<\/style>\n\t<\/div>\n\t\n\n<div class=\"row align-middle align-center\"  id=\"row-323842024\">\n\n\t<div id=\"col-1079960515\" class=\"col small-12 large-12\"  >\n\t\t\t\t<div class=\"col-inner\"  >\n\t\t\t\n\t\t\t\n<h2><span data-text-color=\"primary\"><strong>Advocates of the concept:<\/strong><\/span><\/h2>\n<h1><strong>Education and sustainable communities<\/strong><\/h1>\n<p><strong>by<\/strong><\/p>\n<h3>Projects have been initiated by the Association of S. O. S. \u021aara F\u0103g\u0103ra\u0219ului that are currently in progress with a series of partners<\/h3>\n<p><strong>in education, the preservation of the identity of a local and sustainable manner.<\/strong><\/p>\n\t\t<\/div>\n\t\t\t\t\t<\/div>\n\n\t\n\n<style>\n#row-323842024 > .col > .col-inner {\n  padding: 15px 0px 10px 0px;\n  background-color: rgb(255,255,255);\n  border-radius: 25px;\n}\n<\/style>\n<\/div>\n\t\t<\/div>\n\t\t\t\t\t<\/div>\n\n\t\n<\/div>\n\n\t\t<\/div>\n\n\t\t\n<style>\n#section_2100869511 {\n  padding-top: 30px;\n  padding-bottom: 30px;\n  background-color: rgb(237, 241, 247);\n}\n#section_2100869511 .ux-shape-divider--top svg {\n  height: 150px;\n  --divider-top-width: 100%;\n}\n#section_2100869511 .ux-shape-divider--bottom svg {\n  height: 150px;\n  --divider-width: 100%;\n}\n<\/style>\n\t<\/section>\n\t\n\t<section class=\"section\" id=\"section_595268359\">\n\t\t<div class=\"bg section-bg fill bg-fill  bg-loaded\" >\n\n\t\t\t\n\t\t\t\n\t\t\t\n\n\t\t<\/div>\n\n\t\t\n\n\t\t<div class=\"section-content relative\">\n\t\t\t\n\t<div id=\"text-403266860\" class=\"text\">\n\t\t\n<h2 class=\"uppercase\">Works in PROGRESS<\/h2>\n<p>C\u00e2teva dintre numeroasele proiecte pe care le pilot\u0103m \u00een 2025 &#8211; 2026.<\/p>\n\t\t\n<style>\n#text-403266860 {\n  text-align: center;\n}\n<\/style>\n\t<\/div>\n\t\n<div class=\"row align-middle align-center\"  id=\"row-1539829323\">\n\n\t<div id=\"col-1336234112\" class=\"col small-12 large-12\"  >\n\t\t\t\t<div class=\"col-inner text-left\" style=\"background-color:rgb(255,255,255);\" >\n\t\t\t\n\t\t\t\n<div class=\"row\"  id=\"row-897802038\">\n\n\t<div id=\"col-1384348363\" class=\"col small-12 large-12\"  >\n\t\t\t\t<div class=\"col-inner text-center\"  >\n\t\t\t\n\t\t\t\n<h6> EDUCATION <\/h6>\n<h2>TAMI, friend of the children and counselor for adults<\/h2>\n\t\t<\/div>\n\t\t\t\t\t<\/div>\n\n\t\n<\/div>\n<div class=\"row align-middle\"  id=\"row-1354142092\">\n\n\t<div id=\"col-1587055012\" class=\"col medium-4 small-12 large-4\"  >\n\t\t\t\t<div class=\"col-inner\"  >\n\t\t\t\n\t\t\t\n\t<div class=\"img has-hover x md-x lg-x y md-y lg-y\" id=\"image_1142645755\">\n\t\t\t\t\t\t\t\t<div class=\"img-inner dark\" >\n\t\t\t<img loading=\"lazy\" decoding=\"async\" width=\"1024\" height=\"1536\" src=\"https:\/\/sustainablecommunities.eu\/wp-content\/uploads\/2026\/04\/WhatsApp-Image-2025-10-05-at-18.41.32.jpeg\" class=\"attachment-original size-original\" alt=\"\" srcset=\"https:\/\/sustainablecommunities.eu\/wp-content\/uploads\/2026\/04\/WhatsApp-Image-2025-10-05-at-18.41.32.jpeg 1024w, https:\/\/sustainablecommunities.eu\/wp-content\/uploads\/2026\/04\/WhatsApp-Image-2025-10-05-at-18.41.32-200x300.jpeg 200w, https:\/\/sustainablecommunities.eu\/wp-content\/uploads\/2026\/04\/WhatsApp-Image-2025-10-05-at-18.41.32-683x1024.jpeg 683w, https:\/\/sustainablecommunities.eu\/wp-content\/uploads\/2026\/04\/WhatsApp-Image-2025-10-05-at-18.41.32-768x1152.jpeg 768w, https:\/\/sustainablecommunities.eu\/wp-content\/uploads\/2026\/04\/WhatsApp-Image-2025-10-05-at-18.41.32-8x12.jpeg 8w\" sizes=\"auto, (max-width: 1024px) 100vw, 1024px\" \/>\t\t\t\t\t\t\n\t\t\t\t\t<\/div>\n\t\t\t\t\t\t\t\t\n<style>\n#image_1142645755 {\n  width: 80%;\n}\n<\/style>\n\t<\/div>\n\t\n\t\t<\/div>\n\t\t\t\t\t<\/div>\n\n\t\n\n\t<div id=\"col-2021741873\" class=\"col medium-8 small-12 large-8\"  >\n\t\t\t\t<div class=\"col-inner text-center\"  >\n\t\t\t\n\t\t\t\n\t<div id=\"text-1889337913\" class=\"text\">\n\t\t\n<p>\u00a0\u00a0 TAMI has been created as a model of success in Switzerland (Globi) in order to facilitate the transmission from adults to children and young people, the message of the educational methods of non-formal education.<\/p>\n<p>\u00a0\u00a0 Relaizat of a group of boy scouts with a lot of experience, the rest are waiting to receive their themes and resources to accomplish the mission.<\/p>\n<p>\u00a0 You can let the world a little better than you found it,  giving a hand up to his TAMI!<\/p>\n<p>Sus\u021bine proiectul <strong>\u00a0&#8222;Cu TaMi \u00een realitatea virtual\u0103\u201d la Bikeathon 2026 !\u00a0 <a href=\"https:\/\/bikeathon.ro\/\">www.bikeathon.ro <\/a><\/strong><\/p>\n<p>\u00a0<\/p>\n\t\t\n<style>\n#text-1889337913 {\n  font-size: 1.2rem;\n  text-align: left;\n}\n<\/style>\n\t<\/div>\n\t\n<a href=\"https:\/\/sustainablecommunities.eu\/en\/tami\/\" target=\"_self\" class=\"button success is-outline\"  style=\"border-radius:99px;\">\n    <span>DISCOVER THE PROJECT<\/span>\n  <i class=\"icon-angle-right\" ><\/i><\/a>\n\n\t\t<\/div>\n\t\t\t\t\t<\/div>\n\n\t\n<\/div>\n\t\t<\/div>\n\t\t\t\t\n<style>\n#col-1336234112 > .col-inner {\n  border-radius: 25px;\n}\n<\/style>\n\t<\/div>\n\n\t\n\n<style>\n#row-1539829323 > .col > .col-inner {\n  padding: 30px 30px 0px 30px;\n}\n<\/style>\n<\/div>\n<div class=\"row align-middle align-center\"  id=\"row-2138427795\">\n\n\t<div id=\"col-2091555388\" class=\"col small-12 large-12\"  >\n\t\t\t\t<div class=\"col-inner text-left\" style=\"background-color:rgb(255,255,255);\" >\n\t\t\t\n\t\t\t\n<div class=\"row\"  id=\"row-1476957558\">\n\n\t<div id=\"col-6950042\" class=\"col small-12 large-12\"  >\n\t\t\t\t<div class=\"col-inner text-center\"  >\n\t\t\t\n\t\t\t\n<h6>EDUCATION<\/h6>\n<h2>Research the garden of Bucharest, in the support of rural communities<\/h2>\n<h3>2025-2026 Programul pilot de extensie<\/h3>\n\t\t<\/div>\n\t\t\t\t\t<\/div>\n\n\t\n<\/div>\n<div class=\"row align-middle\"  id=\"row-1402001800\">\n\n\t<div id=\"col-2054270531\" class=\"col medium-4 small-12 large-4\"  >\n\t\t\t\t<div class=\"col-inner\"  >\n\t\t\t\n\t\t\t\n\t<div class=\"img has-hover x md-x lg-x y md-y lg-y\" id=\"image_1280982379\">\n\t\t\t\t\t\t\t\t<div class=\"img-inner image-cover dark\" style=\"padding-top:100%;\">\n\t\t\t<img loading=\"lazy\" decoding=\"async\" width=\"2560\" height=\"1706\" src=\"https:\/\/sustainablecommunities.eu\/wp-content\/uploads\/2022\/03\/dadalan-real-shRafhEd6Dw-unsplash-scaled.jpg\" class=\"attachment-original size-original\" alt=\"\" srcset=\"https:\/\/sustainablecommunities.eu\/wp-content\/uploads\/2022\/03\/dadalan-real-shRafhEd6Dw-unsplash-scaled.jpg 2560w, https:\/\/sustainablecommunities.eu\/wp-content\/uploads\/2022\/03\/dadalan-real-shRafhEd6Dw-unsplash-300x200.jpg 300w, https:\/\/sustainablecommunities.eu\/wp-content\/uploads\/2022\/03\/dadalan-real-shRafhEd6Dw-unsplash-1024x683.jpg 1024w, https:\/\/sustainablecommunities.eu\/wp-content\/uploads\/2022\/03\/dadalan-real-shRafhEd6Dw-unsplash-768x512.jpg 768w, https:\/\/sustainablecommunities.eu\/wp-content\/uploads\/2022\/03\/dadalan-real-shRafhEd6Dw-unsplash-1536x1024.jpg 1536w, https:\/\/sustainablecommunities.eu\/wp-content\/uploads\/2022\/03\/dadalan-real-shRafhEd6Dw-unsplash-2048x1365.jpg 2048w\" sizes=\"auto, (max-width: 2560px) 100vw, 2560px\" \/>\t\t\t\t\t\t\n\t\t\t\t\t<\/div>\n\t\t\t\t\t\t\t\t\n<style>\n#image_1280982379 {\n  width: 100%;\n}\n<\/style>\n\t<\/div>\n\t\n\t\t<\/div>\n\t\t\t\t\t<\/div>\n\n\t\n\n\t<div id=\"col-1196482208\" class=\"col medium-8 small-12 large-8\"  >\n\t\t\t\t<div class=\"col-inner text-center\"  >\n\t\t\t\n\t\t\t\n\t<div id=\"text-2402940573\" class=\"text\">\n\t\t\n<p>The project is aimed at connecting the resources existing on-premises to the trends for innovative, creative and out of the agri-food industry through transfer of technology, with the aim of facilitating the access of children, young people and adults in \u021aara F\u0103g\u0103ra\u0219ului on the scientific content is available. Let's together contribute to the harmonious development of the communities is through the concept of \"Education and sustainable communities\"!<\/p>\n<p>\u201dPilot program for extension services in Romania\u201d inspirat de la\u00a0 University of Geoirgia (USA) \u0219i sprijinit de Funda\u021ba Rom\u00e2no- American\u0103 (RAF),\u00a0 produce efecte \u00een \u021aara F\u0103g\u0103ra\u0219ului.<\/p>\n\t\t\n<style>\n#text-2402940573 {\n  font-size: 1rem;\n  text-align: left;\n}\n<\/style>\n\t<\/div>\n\t\n<a href=\"https:\/\/sustainablecommunities.eu\/en\/cercetarea-horticola-comunitati-rurale\/\" target=\"_self\" class=\"button success is-outline\"  style=\"border-radius:99px;\">\n    <span>DISCOVER THE PROJECT<\/span>\n  <i class=\"icon-angle-right\" ><\/i><\/a>\n\n\t\t<\/div>\n\t\t\t\t\t<\/div>\n\n\t\n<\/div>\n\t\t<\/div>\n\t\t\t\t\n<style>\n#col-2091555388 > .col-inner {\n  border-radius: 25px;\n}\n<\/style>\n\t<\/div>\n\n\t\n\n<style>\n#row-2138427795 > .col > .col-inner {\n  padding: 30px 30px 0px 30px;\n}\n<\/style>\n<\/div>\n<div class=\"row align-middle align-center\"  id=\"row-1955003680\">\n\n\t<div id=\"col-1058509918\" class=\"col small-12 large-12\"  >\n\t\t\t\t<div class=\"col-inner text-left\" style=\"background-color:rgb(255,255,255);\" >\n\t\t\t\n\t\t\t\n<div class=\"row\"  id=\"row-1154782181\">\n\n\t<div id=\"col-980841908\" class=\"col small-12 large-12\"  >\n\t\t\t\t<div class=\"col-inner text-center\"  >\n\t\t\t\n\t\t\t\n<h6>EDUCATION<\/h6>\n<h2>The center of the Exhibition of Innovative Technologies and Justin capra<\/h2>\n\t\t<\/div>\n\t\t\t\t\t<\/div>\n\n\t\n<\/div>\n<div class=\"row align-middle\"  id=\"row-363229937\">\n\n\t<div id=\"col-1857517014\" class=\"col medium-4 small-12 large-4\"  >\n\t\t\t\t<div class=\"col-inner\"  >\n\t\t\t\n\t\t\t\n\t<div class=\"img has-hover x md-x lg-x y md-y lg-y\" id=\"image_1125864428\">\n\t\t\t\t\t\t\t\t<div class=\"img-inner dark\" >\n\t\t\t<img loading=\"lazy\" decoding=\"async\" width=\"1762\" height=\"1650\" src=\"https:\/\/sustainablecommunities.eu\/wp-content\/uploads\/2024\/08\/Logo-nou-Centrul-Demonstrativ-07.png\" class=\"attachment-original size-original\" alt=\"\" srcset=\"https:\/\/sustainablecommunities.eu\/wp-content\/uploads\/2024\/08\/Logo-nou-Centrul-Demonstrativ-07.png 1762w, https:\/\/sustainablecommunities.eu\/wp-content\/uploads\/2024\/08\/Logo-nou-Centrul-Demonstrativ-07-300x281.png 300w, https:\/\/sustainablecommunities.eu\/wp-content\/uploads\/2024\/08\/Logo-nou-Centrul-Demonstrativ-07-1024x959.png 1024w, https:\/\/sustainablecommunities.eu\/wp-content\/uploads\/2024\/08\/Logo-nou-Centrul-Demonstrativ-07-768x719.png 768w, https:\/\/sustainablecommunities.eu\/wp-content\/uploads\/2024\/08\/Logo-nou-Centrul-Demonstrativ-07-1536x1438.png 1536w\" sizes=\"auto, (max-width: 1762px) 100vw, 1762px\" \/>\t\t\t\t\t\t\n\t\t\t\t\t<\/div>\n\t\t\t\t\t\t\t\t\n<style>\n#image_1125864428 {\n  width: 80%;\n}\n<\/style>\n\t<\/div>\n\t\n\t\t<\/div>\n\t\t\t\t\t<\/div>\n\n\t\n\n\t<div id=\"col-1857159111\" class=\"col medium-8 small-12 large-8\"  >\n\t\t\t\t<div class=\"col-inner text-center\"  >\n\t\t\t\n\t\t\t\n\t<div id=\"text-499642756\" class=\"text\">\n\t\t\n<p>\u00a0\u00a0 A lot of kids and I would like to try a little experiment, technically innovative, and play with a toy in solar, to build up a little to make it after the imagination of their apparatus, a system, or a smart toy. Unfortunately, there are very few places where you can experience such things.<\/p>\n<p>\u00a0\u00a0 This is the reason why we&#039;ve set out to achieve, along with other interested parties in a place like this.<\/p>\n<p>\u00a0\u00a0 It&#039;s called a suggestive: The Exhibition of Innovative Technologies of Justin&#039;s Goat (OPEL)<\/p>\n\t\t\n<style>\n#text-499642756 {\n  font-size: 1rem;\n  text-align: left;\n}\n<\/style>\n\t<\/div>\n\t\n<a href=\"https:\/\/sustainablecommunities.eu\/en\/centrul-demonstrativ-de-tehnologii-inovative-justin-capra\/\" target=\"_self\" class=\"button success is-outline\"  style=\"border-radius:99px;\">\n    <span>DISCOVER THE PROJECT<\/span>\n  <i class=\"icon-angle-right\" ><\/i><\/a>\n\n\t\t<\/div>\n\t\t\t\t\t<\/div>\n\n\t\n<\/div>\n\t\t<\/div>\n\t\t\t\t\n<style>\n#col-1058509918 > .col-inner {\n  border-radius: 25px;\n}\n<\/style>\n\t<\/div>\n\n\t\n\n<style>\n#row-1955003680 > .col > .col-inner {\n  padding: 30px 30px 0px 30px;\n}\n<\/style>\n<\/div>\n<div class=\"row align-middle align-center\"  id=\"row-1408052978\">\n\n\t<div id=\"col-614024598\" class=\"col small-12 large-12\"  >\n\t\t\t\t<div class=\"col-inner text-left\" style=\"background-color:rgb(255,255,255);\" >\n\t\t\t\n\t\t\t\n<div class=\"row\"  id=\"row-18757678\">\n\n\t<div id=\"col-650702197\" class=\"col small-12 large-12\"  >\n\t\t\t\t<div class=\"col-inner text-center\"  >\n\t\t\t\n\t\t\t\n<h6>EDUCATION<\/h6>\n<h2><strong><em>Eat healthy in the sun \u2013the Lab SUNFOOD<\/em><\/strong><\/h2>\n\t\t<\/div>\n\t\t\t\t\t<\/div>\n\n\t\n<\/div>\n<div class=\"row align-middle\"  id=\"row-465748191\">\n\n\t<div id=\"col-1634155681\" class=\"col medium-4 small-12 large-4\"  >\n\t\t\t\t<div class=\"col-inner\"  >\n\t\t\t\n\t\t\t\n\t<div class=\"img has-hover x md-x lg-x y md-y lg-y\" id=\"image_928463315\">\n\t\t\t\t\t\t\t\t<div class=\"img-inner dark\" >\n\t\t\t<img loading=\"lazy\" decoding=\"async\" width=\"246\" height=\"270\" src=\"https:\/\/sustainablecommunities.eu\/wp-content\/uploads\/2025\/02\/475323453_8758553624243564_4650747489916689166_n.jpg\" class=\"attachment-original size-original\" alt=\"\" \/>\t\t\t\t\t\t\n\t\t\t\t\t<\/div>\n\t\t\t\t\t\t\t\t\n<style>\n#image_928463315 {\n  width: 100%;\n}\n<\/style>\n\t<\/div>\n\t\n\t\t<\/div>\n\t\t\t\t\t<\/div>\n\n\t\n\n\t<div id=\"col-185191827\" class=\"col medium-8 small-12 large-8\"  >\n\t\t\t\t<div class=\"col-inner text-center\"  >\n\t\t\t\n\t\t\t\n\t<div id=\"text-2034876845\" class=\"text\">\n\t\t\n<p>\u00a0\u00a0\u00a0\u00a0\u00a0 Lab SUNFOOD, as an integral part of the Center's Demonstration of Innovative Technologies and Justin Capr\u0103 (CDTI), this is the place where young people and adults will enjoy the benefits of the healing plants from the spontaneous flora, the manner in which the nature of the sun can feed us.<\/p>\n<p>\u00a0\u00a0\u00a0\u00a0\u00a0 Funded by &#034;<em>The background of the Carpathia\u201d, a program of the Foundation Conservation Carpathia being implemented in the \u021aara F\u0103g\u0103ra\u0219ului by the Foundation of the Community, the \u021aara F\u0103g\u0103ra\u0219ului(FCTF)<\/em> I took the first step is the acquisition of an expandable container intended for the activities of the indor ( the selection, processing, and packaging).\u00a0<\/p>\n<p>\u00a0\u00a0\u00a0\u00a0 The next steps for the completion of the project are to :<\/p>\n<p>\u00a0\u00a0\u00a0\u00a0\u00a0\u00a0\u00a0\u00a0\u00a0\u00a0\u00a0\u00a0\u00a0\u00a0\u00a0\u00a0\u00a0\u00a0 \u2013 To ensure the energy independence of the lab, with the purchase of a pv system performance<\/p>\n<p>\u00a0\u00a0\u00a0\u00a0\u00a0\u00a0\u00a0\u00a0\u00a0\u00a0\u00a0\u00a0\u00a0\u00a0\u00a0\u00a0\u00a0\u00a0 \u2013 Equip the laboratory with the necessary equipment<\/p>\n\t\t\n<style>\n#text-2034876845 {\n  font-size: 1rem;\n  text-align: left;\n}\n<\/style>\n\t<\/div>\n\t\n<a href=\"https:\/\/sustainablecommunities.eu\/en\/gestionarea-si-exploatarea-rationala-a-plantelor-din-flora-spontana\/\" target=\"_self\" class=\"button success is-outline\"  style=\"border-radius:99px;\">\n    <span>DISCOVER THE PROJECT<\/span>\n  <i class=\"icon-angle-right\" ><\/i><\/a>\n\n\t\t<\/div>\n\t\t\t\t\t<\/div>\n\n\t\n<\/div>\n\t\t<\/div>\n\t\t\t\t\n<style>\n#col-614024598 > .col-inner {\n  border-radius: 25px;\n}\n<\/style>\n\t<\/div>\n\n\t\n\n<style>\n#row-1408052978 > .col > .col-inner {\n  padding: 30px 30px 0px 30px;\n}\n<\/style>\n<\/div>\n<div class=\"row align-middle align-center\"  id=\"row-904606433\">\n\n\t<div id=\"col-422643549\" class=\"col small-12 large-12\"  >\n\t\t\t\t<div class=\"col-inner text-left\" style=\"background-color:rgb(255,255,255);\" >\n\t\t\t\n\t\t\t\n<div class=\"row\"  id=\"row-920516319\">\n\n\t<div id=\"col-1329426911\" class=\"col small-12 large-12\"  >\n\t\t\t\t<div class=\"col-inner text-center\"  >\n\t\t\t\n\t\t\t\n<h6>SUSTAINABILITY<\/h6>\n<h2>Smart Walipini greenhous<\/h2>\n\t\t<\/div>\n\t\t\t\t\t<\/div>\n\n\t\n<\/div>\n<div class=\"row align-middle\"  id=\"row-1638229293\">\n\n\t<div id=\"col-141946468\" class=\"col medium-4 small-12 large-4\"  >\n\t\t\t\t<div class=\"col-inner\"  >\n\t\t\t\n\t\t\t\n\t<div class=\"img has-hover x md-x lg-x y md-y lg-y\" id=\"image_1943330511\">\n\t\t\t\t\t\t\t\t<div class=\"img-inner image-cover dark\" style=\"padding-top:75%;\">\n\t\t\t<img loading=\"lazy\" decoding=\"async\" width=\"654\" height=\"380\" src=\"https:\/\/sustainablecommunities.eu\/wp-content\/uploads\/2025\/02\/Early-Sun.jpg\" class=\"attachment-original size-original\" alt=\"\" srcset=\"https:\/\/sustainablecommunities.eu\/wp-content\/uploads\/2025\/02\/Early-Sun.jpg 654w, https:\/\/sustainablecommunities.eu\/wp-content\/uploads\/2025\/02\/Early-Sun-300x174.jpg 300w, https:\/\/sustainablecommunities.eu\/wp-content\/uploads\/2025\/02\/Early-Sun-18x10.jpg 18w\" sizes=\"auto, (max-width: 654px) 100vw, 654px\" \/>\t\t\t\t\t\t\n\t\t\t\t\t<\/div>\n\t\t\t\t\t\t\t\t\n<style>\n#image_1943330511 {\n  width: 100%;\n}\n<\/style>\n\t<\/div>\n\t\n\t\t<\/div>\n\t\t\t\t\t<\/div>\n\n\t\n\n\t<div id=\"col-1034215864\" class=\"col medium-8 small-12 large-8\"  >\n\t\t\t\t<div class=\"col-inner text-center\"  >\n\t\t\t\n\t\t\t\n\t<div id=\"text-4090040962\" class=\"text\">\n\t\t\n<p>\u00a0 Underground greenhouses are not new!<\/p>\n<p>\u00a0\u00a0\u00a0\u00a0 They date back to the cold climate of early New England. One of the oldest known earth-protected greenhouses was built on the famous Lyman estate in Waltham, Massachusetts, in 1798. It was expanded in the 1800s to protect rare varieties of grapes and fruit trees and is believed to be the oldest greenhouse complex in the United States.<\/p>\n\t\t\n<style>\n#text-4090040962 {\n  font-size: 1rem;\n  text-align: left;\n}\n<\/style>\n\t<\/div>\n\t\n<a href=\"https:\/\/sustainablecommunities.eu\/en\/sera-walipini\/\" target=\"_self\" class=\"button success is-outline\"  style=\"border-radius:99px;\">\n    <span>DISCOVER THE PROJECT<\/span>\n  <i class=\"icon-angle-right\" ><\/i><\/a>\n\n\t\t<\/div>\n\t\t\t\t\t<\/div>\n\n\t\n<\/div>\n\t\t<\/div>\n\t\t\t\t\n<style>\n#col-422643549 > .col-inner {\n  border-radius: 25px;\n}\n<\/style>\n\t<\/div>\n\n\t\n\n<style>\n#row-904606433 > .col > .col-inner {\n  padding: 30px 30px 0px 30px;\n}\n<\/style>\n<\/div>\n<div class=\"row align-middle align-center\"  id=\"row-74952470\">\n\n\t<div id=\"col-977226467\" class=\"col small-12 large-12\"  >\n\t\t\t\t<div class=\"col-inner text-left\" style=\"background-color:rgb(255,255,255);\" >\n\t\t\t\n\t\t\t\n<div class=\"row\"  id=\"row-963375686\">\n\n\t<div id=\"col-1651284538\" class=\"col small-12 large-12\"  >\n\t\t\t\t<div class=\"col-inner text-center\"  >\n\t\t\t\n\t\t\t\n<h6> EDUCATION <\/h6>\n<h2>The greenhouse in the courtyard of the school<\/h2>\n\t\t<\/div>\n\t\t\t\t\t<\/div>\n\n\t\n<\/div>\n<div class=\"row align-middle\"  id=\"row-1905743033\">\n\n\t<div id=\"col-1251828738\" class=\"col medium-4 small-12 large-4\"  >\n\t\t\t\t<div class=\"col-inner\"  >\n\t\t\t\n\t\t\t\n\t<div class=\"img has-hover x md-x lg-x y md-y lg-y\" id=\"image_1599883429\">\n\t\t\t\t\t\t\t\t<div class=\"img-inner image-cover dark\" style=\"padding-top:75%;\">\n\t\t\t<img loading=\"lazy\" decoding=\"async\" width=\"1600\" height=\"900\" src=\"https:\/\/sustainablecommunities.eu\/wp-content\/uploads\/2022\/03\/4.jpeg\" class=\"attachment-original size-original\" alt=\"\" srcset=\"https:\/\/sustainablecommunities.eu\/wp-content\/uploads\/2022\/03\/4.jpeg 1600w, https:\/\/sustainablecommunities.eu\/wp-content\/uploads\/2022\/03\/4-300x169.jpeg 300w, https:\/\/sustainablecommunities.eu\/wp-content\/uploads\/2022\/03\/4-1024x576.jpeg 1024w, https:\/\/sustainablecommunities.eu\/wp-content\/uploads\/2022\/03\/4-768x432.jpeg 768w, https:\/\/sustainablecommunities.eu\/wp-content\/uploads\/2022\/03\/4-1536x864.jpeg 1536w\" sizes=\"auto, (max-width: 1600px) 100vw, 1600px\" \/>\t\t\t\t\t\t\n\t\t\t\t\t<\/div>\n\t\t\t\t\t\t\t\t\n<style>\n#image_1599883429 {\n  width: 100%;\n}\n<\/style>\n\t<\/div>\n\t\n\t\t<\/div>\n\t\t\t\t\t<\/div>\n\n\t\n\n\t<div id=\"col-1504234287\" class=\"col medium-8 small-12 large-8\"  >\n\t\t\t\t<div class=\"col-inner text-center\"  >\n\t\t\t\n\t\t\t\n\t<div id=\"text-3437441275\" class=\"text\">\n\t\t\n<p>\u00a0\u00a0 In a school, a nursery for children, it may not be a good idea.<\/p>\n<p>\u00a0 By the construction of a greenhouse cool in an area that is visible from the courtyard, through the use of the method of this app is you can create an atmosphere that&#039;s attractive in this subject, it may provide for the involvement of a large number of children out of school, and by default the build-up of knowledge and skills are very useful for you.<\/p>\n<p>\u00a0\u00a0\u00a0\u00a0\u00a0 If you like the idea, please don&#039;t hesitate to get involved!<\/p>\n\t\t\n<style>\n#text-3437441275 {\n  font-size: 1rem;\n  text-align: left;\n}\n<\/style>\n\t<\/div>\n\t\n<a href=\"https:\/\/sustainablecommunities.eu\/en\/sera-curtea-scolii\/\" target=\"_self\" class=\"button success is-outline\"  style=\"border-radius:99px;\">\n    <span>DISCOVER THE PROJECT<\/span>\n  <i class=\"icon-angle-right\" ><\/i><\/a>\n\n\t\t<\/div>\n\t\t\t\t\t<\/div>\n\n\t\n<\/div>\n\t\t<\/div>\n\t\t\t\t\n<style>\n#col-977226467 > .col-inner {\n  border-radius: 25px;\n}\n<\/style>\n\t<\/div>\n\n\t\n\n<style>\n#row-74952470 > .col > .col-inner {\n  padding: 30px 30px 0px 30px;\n}\n<\/style>\n<\/div>\n<div class=\"row align-middle align-center\"  id=\"row-1025680771\">\n\n\t<div id=\"col-1031580595\" class=\"col small-12 large-12\"  >\n\t\t\t\t<div class=\"col-inner text-left\" style=\"background-color:rgb(255,255,255);\" >\n\t\t\t\n\t\t\t\n<div class=\"row\"  id=\"row-261991717\">\n\n\t<div id=\"col-893507399\" class=\"col small-12 large-12\"  >\n\t\t\t\t<div class=\"col-inner text-center\"  >\n\t\t\t\n\t\t\t\n<h6>SUSTAINABILITY<\/h6>\n<h2>The management and operation of the plants from the spontaneous flora<\/h2>\n\t\t<\/div>\n\t\t\t\t\t<\/div>\n\n\t\n<\/div>\n<div class=\"row align-middle\"  id=\"row-624388517\">\n\n\t<div id=\"col-136668297\" class=\"col medium-4 small-12 large-4\"  >\n\t\t\t\t<div class=\"col-inner\"  >\n\t\t\t\n\t\t\t\n\t<div class=\"img has-hover x md-x lg-x y md-y lg-y\" id=\"image_643600023\">\n\t\t\t\t\t\t\t\t<div class=\"img-inner image-cover dark\" style=\"padding-top:100%;\">\n\t\t\t<img loading=\"lazy\" decoding=\"async\" width=\"1599\" height=\"899\" src=\"https:\/\/sustainablecommunities.eu\/wp-content\/uploads\/2022\/03\/1.jpg\" class=\"attachment-original size-original\" alt=\"\" srcset=\"https:\/\/sustainablecommunities.eu\/wp-content\/uploads\/2022\/03\/1.jpg 1599w, https:\/\/sustainablecommunities.eu\/wp-content\/uploads\/2022\/03\/1-300x169.jpg 300w, https:\/\/sustainablecommunities.eu\/wp-content\/uploads\/2022\/03\/1-1024x576.jpg 1024w, https:\/\/sustainablecommunities.eu\/wp-content\/uploads\/2022\/03\/1-768x432.jpg 768w, https:\/\/sustainablecommunities.eu\/wp-content\/uploads\/2022\/03\/1-1536x864.jpg 1536w\" sizes=\"auto, (max-width: 1599px) 100vw, 1599px\" \/>\t\t\t\t\t\t\n\t\t\t\t\t<\/div>\n\t\t\t\t\t\t\t\t\n<style>\n#image_643600023 {\n  width: 80%;\n}\n<\/style>\n\t<\/div>\n\t\n\t\t<\/div>\n\t\t\t\t\t<\/div>\n\n\t\n\n\t<div id=\"col-671640110\" class=\"col medium-8 small-12 large-8\"  >\n\t\t\t\t<div class=\"col-inner text-center\"  >\n\t\t\t\n\t\t\t\n\t<div id=\"text-2895597220\" class=\"text\">\n\t\t\n<p class=\"alt-font\">\u00a0\u00a0\u00a0\u00a0\u00a0\u00a0 Do you want to learn more about the wild flora of the District?<\/p>\n<p class=\"alt-font\">\u00a0 Find out how to protect it, and to exploit it in a rational manner the natural resources of the area... and lots more!<\/p>\n<p class=\"alt-font\">\u00a0\u00a0\u00a0\u00a0\u00a0\u00a0 Support your local community and get involved in an exciting project!<\/p>\n<p class=\"alt-font\">\u00a0<\/p>\n\t\t\n<style>\n#text-2895597220 {\n  font-size: 1rem;\n  text-align: left;\n}\n<\/style>\n\t<\/div>\n\t\n<a href=\"https:\/\/sustainablecommunities.eu\/en\/gestionare-exploatare-flora-spontana\/\" target=\"_self\" class=\"button success is-outline\"  style=\"border-radius:99px;\">\n    <span>DISCOVER THE PROJECT<\/span>\n  <i class=\"icon-angle-right\" ><\/i><\/a>\n\n\t\t<\/div>\n\t\t\t\t\t<\/div>\n\n\t\n<\/div>\n\t\t<\/div>\n\t\t\t\t\n<style>\n#col-1031580595 > .col-inner {\n  border-radius: 25px;\n}\n<\/style>\n\t<\/div>\n\n\t\n\n<style>\n#row-1025680771 > .col > .col-inner {\n  padding: 30px 30px 0px 30px;\n}\n<\/style>\n<\/div>\n<div class=\"row align-middle align-center\"  id=\"row-821143856\">\n\n\t<div id=\"col-426507780\" class=\"col small-12 large-12\"  >\n\t\t\t\t<div class=\"col-inner text-left\" style=\"background-color:rgb(255,255,255);\" >\n\t\t\t\n\t\t\t\n<div class=\"row\"  id=\"row-1283097437\">\n\n\t<div id=\"col-1082795600\" class=\"col small-12 large-12\"  >\n\t\t\t\t<div class=\"col-inner text-center\"  >\n\t\t\t\n\t\t\t\n<h6>EDUCATION<\/h6>\n<h2>Green Generation &#8211; un proiect Erasmus+ 2024 <\/h2>\n\t\t<\/div>\n\t\t\t\t\t<\/div>\n\n\t\n<\/div>\n<div class=\"row align-middle\"  id=\"row-596543094\">\n\n\t<div id=\"col-1603832404\" class=\"col medium-4 small-12 large-4\"  >\n\t\t\t\t<div class=\"col-inner\"  >\n\t\t\t\n\t\t\t\n\t<div class=\"img has-hover x md-x lg-x y md-y lg-y\" id=\"image_1127068742\">\n\t\t\t\t\t\t\t\t<div class=\"img-inner dark\" >\n\t\t\t<img loading=\"lazy\" decoding=\"async\" width=\"500\" height=\"500\" src=\"https:\/\/sustainablecommunities.eu\/wp-content\/uploads\/2024\/08\/Logo.jpg\" class=\"attachment-original size-original\" alt=\"\" srcset=\"https:\/\/sustainablecommunities.eu\/wp-content\/uploads\/2024\/08\/Logo.jpg 500w, https:\/\/sustainablecommunities.eu\/wp-content\/uploads\/2024\/08\/Logo-300x300.jpg 300w, https:\/\/sustainablecommunities.eu\/wp-content\/uploads\/2024\/08\/Logo-150x150.jpg 150w\" sizes=\"auto, (max-width: 500px) 100vw, 500px\" \/>\t\t\t\t\t\t\n\t\t\t\t\t<\/div>\n\t\t\t\t\t\t\t\t\n<style>\n#image_1127068742 {\n  width: 100%;\n}\n<\/style>\n\t<\/div>\n\t\n\t\t<\/div>\n\t\t\t\t\t<\/div>\n\n\t\n\n\t<div id=\"col-361200731\" class=\"col medium-8 small-12 large-8\"  >\n\t\t\t\t<div class=\"col-inner text-center\"  >\n\t\t\t\n\t\t\t\n\t<div id=\"text-317388995\" class=\"text\">\n\t\t\n<p>\u00a0\u00a0\u00a0 The problem that has led to the idea of the project is the lack of a culture oriented towards a circular economy at the turn of the young people from diverse backgrounds and farmers from \u021aara F\u0103g\u0103ra\u0219ului.<\/p>\n<p>\u00a0\u00a0\u00a0\u00a0 The aim of the project is to educate the participants and the members of the local community with regard to the circular economy, through the development of the practical and the concrete; from the collection of the products from the farm or is likely to achieve, and the dissolution of the finished product, covering all aspects of the circular economy.<\/p>\n<p>\u00a0\u00a0\u00a0\u00a0 Expected result: to develop the skills of the participants in the field of entrepreneurship, environmentally friendly, and created by the help of this practical experiment is a role model for the community .<\/p>\n\t\t\n<style>\n#text-317388995 {\n  font-size: 1rem;\n  text-align: left;\n}\n<\/style>\n\t<\/div>\n\t\n<a href=\"https:\/\/sustainablecommunities.eu\/en\/centrul-demonstrativ-tehnologii-copii-tineret-escc\/\" target=\"_self\" class=\"button success is-outline\"  style=\"border-radius:99px;\">\n    <span>DISCOVER THE PROJECT<\/span>\n  <i class=\"icon-angle-right\" ><\/i><\/a>\n\n\t\t<\/div>\n\t\t\t\t\t<\/div>\n\n\t\n<\/div>\n\t\t<\/div>\n\t\t\t\t\n<style>\n#col-426507780 > .col-inner {\n  border-radius: 25px;\n}\n<\/style>\n\t<\/div>\n\n\t\n\n<style>\n#row-821143856 > .col > .col-inner {\n  padding: 30px 30px 0px 30px;\n}\n<\/style>\n<\/div>\n<div class=\"row align-middle align-center\"  id=\"row-1302495188\">\n\n\t<div id=\"col-780156744\" class=\"col small-12 large-12\"  >\n\t\t\t\t<div class=\"col-inner text-left\" style=\"background-color:rgb(255,255,255);\" >\n\t\t\t\n\t\t\t\n<div class=\"row\"  id=\"row-292300084\">\n\n\t<div id=\"col-145521008\" class=\"col small-12 large-12\"  >\n\t\t\t\t<div class=\"col-inner text-center\"  >\n\t\t\t\n\t\t\t\n<h4>Education<\/h4>\n<h3><strong>The Swiss \u2013 Romanian Sustainability Winter School<\/strong><\/h3>\n\t\t<\/div>\n\t\t\t\t\t<\/div>\n\n\t\n<\/div>\n<div class=\"row align-middle align-center\"  id=\"row-481770972\">\n\n\t<div id=\"col-237680985\" class=\"col medium-3 small-12 large-3\"  >\n\t\t\t\t<div class=\"col-inner\"  >\n\t\t\t\n\t\t\t\n\t<div class=\"img has-hover x md-x lg-x y md-y lg-y\" id=\"image_58878974\">\n\t\t\t\t\t\t\t\t<div class=\"img-inner dark\" >\n\t\t\t<img loading=\"lazy\" decoding=\"async\" width=\"772\" height=\"1024\" src=\"https:\/\/sustainablecommunities.eu\/wp-content\/uploads\/2024\/12\/AFIS-772x1024.jpg\" class=\"attachment-large size-large\" alt=\"\" srcset=\"https:\/\/sustainablecommunities.eu\/wp-content\/uploads\/2024\/12\/AFIS-772x1024.jpg 772w, https:\/\/sustainablecommunities.eu\/wp-content\/uploads\/2024\/12\/AFIS-226x300.jpg 226w, https:\/\/sustainablecommunities.eu\/wp-content\/uploads\/2024\/12\/AFIS-768x1018.jpg 768w, https:\/\/sustainablecommunities.eu\/wp-content\/uploads\/2024\/12\/AFIS-1158x1536.jpg 1158w, https:\/\/sustainablecommunities.eu\/wp-content\/uploads\/2024\/12\/AFIS.jpg 1301w\" sizes=\"auto, (max-width: 772px) 100vw, 772px\" \/>\t\t\t\t\t\t\n\t\t\t\t\t<\/div>\n\t\t\t\t\t\t\t\t\n<style>\n#image_58878974 {\n  width: 100%;\n}\n<\/style>\n\t<\/div>\n\t\n\t\t<\/div>\n\t\t\t\t\t<\/div>\n\n\t\n\n\t<div id=\"col-323518115\" class=\"col medium-9 small-12 large-9\"  >\n\t\t\t\t<div class=\"col-inner text-center\"  >\n\t\t\t\n\t\t\t\n\t<div id=\"text-2051852137\" class=\"text\">\n\t\t\n<p class=\"alt-font\">\u00a0\u00a0\u00a0 After feeling pretty good that I&#039;ve made it with all The H\u00e2rseniului in 2018 in Switzerland, we had been invited once again to organize the winter School on environmental protection.<\/p>\n<p class=\"alt-font\">\u00a0\u00a0\u00a0 Dup\u0103 o pauz\u0103 de 5 ani, sub tutela Universitatii de Stiinte Aplicate din Elvetia de Est &#8211; OST Rapperswil, cu suportul sponsorilor \u0219i organiza\u021biilor Asociatia RoSwi Verein Rapperswil \u0219i\u00a0 Scolii Romanesti din Zurich, \u00een perioada 1-7 decembrie 2024 am participat cu tineri din F\u0103g\u0103ra\u0219, Bra\u0219ov \u0219i Miercurea Ciuc la un proiect inovator, axat pe sustenabilitate, educa\u021bie, cooperare interna\u021bional\u0103 : Winter Sustainability School.<\/p>\n<p class=\"alt-font\">\u00a0\u00a0\u00a0 On this occasion, the young people had the opportunity to meet new people, learn new things, to visit exciting locations to go to in the Romanian communities in the Switzerland customs and traditions in the Usa and the District.<\/p>\n<p>\u00a0\u00a0 We hope that the participants in this year to share with you to implement in their communities, their learning, thus contributing to the sustainable development of our region.<\/p>\n<p>\u00a0\u00a0\u00a0 We also hope, in the next few years to be able to offer this opportunity to as many children and young people in the community.<\/p>\n\t\t\n<style>\n#text-2051852137 {\n  font-size: 1rem;\n  text-align: left;\n}\n<\/style>\n\t<\/div>\n\t\n<a href=\"https:\/\/sustainablecommunities.eu\/en\/2024-elvetia-romania\/\" target=\"_self\" class=\"button success is-outline\"  style=\"border-radius:99px;\">\n    <span>DISCOVER THE PROJECT<\/span>\n  <i class=\"icon-angle-right\" ><\/i><\/a>\n\n\t\t<\/div>\n\t\t\t\t\t<\/div>\n\n\t\n<\/div>\n\t\t<\/div>\n\t\t\t\t\n<style>\n#col-780156744 > .col-inner {\n  border-radius: 25px;\n}\n<\/style>\n\t<\/div>\n\n\t\n\n<style>\n#row-1302495188 > .col > .col-inner {\n  padding: 30px 30px 0px 30px;\n}\n<\/style>\n<\/div>\n<div class=\"row align-middle align-center\"  id=\"row-806376241\">\n\n\t<div id=\"col-175115578\" class=\"col small-12 large-12\"  >\n\t\t\t\t<div class=\"col-inner text-left\" style=\"background-color:rgb(255,255,255);\" >\n\t\t\t\n\t\t\t\n<div class=\"row\"  id=\"row-874037766\">\n\n\t<div id=\"col-141784032\" class=\"col small-12 large-12\"  >\n\t\t\t\t<div class=\"col-inner text-center\"  >\n\t\t\t\n\t\t\t\n<h6>THE PRESERVATION OF THE IDENTITY OF THE LOCAL<\/h6>\n<h1><strong>Holidays in Cop\u0103cel<\/strong><\/h1>\n\t\t<\/div>\n\t\t\t\t\t<\/div>\n\n\t\n<\/div>\n<div class=\"row align-middle\"  id=\"row-401636034\">\n\n\t<div id=\"col-1507002151\" class=\"col medium-4 small-12 large-4\"  >\n\t\t\t\t<div class=\"col-inner\"  >\n\t\t\t\n\t\t\t\n\t<div class=\"img has-hover x md-x lg-x y md-y lg-y\" id=\"image_607451746\">\n\t\t\t\t\t\t\t\t<div class=\"img-inner dark\" >\n\t\t\t<img loading=\"lazy\" decoding=\"async\" width=\"1131\" height=\"1600\" src=\"https:\/\/sustainablecommunities.eu\/wp-content\/uploads\/2025\/12\/WhatsApp-Image-2025-12-16-at-16.46.37-1.jpeg\" class=\"attachment-original size-original\" alt=\"\" srcset=\"https:\/\/sustainablecommunities.eu\/wp-content\/uploads\/2025\/12\/WhatsApp-Image-2025-12-16-at-16.46.37-1.jpeg 1131w, https:\/\/sustainablecommunities.eu\/wp-content\/uploads\/2025\/12\/WhatsApp-Image-2025-12-16-at-16.46.37-1-212x300.jpeg 212w, https:\/\/sustainablecommunities.eu\/wp-content\/uploads\/2025\/12\/WhatsApp-Image-2025-12-16-at-16.46.37-1-724x1024.jpeg 724w, https:\/\/sustainablecommunities.eu\/wp-content\/uploads\/2025\/12\/WhatsApp-Image-2025-12-16-at-16.46.37-1-768x1086.jpeg 768w, https:\/\/sustainablecommunities.eu\/wp-content\/uploads\/2025\/12\/WhatsApp-Image-2025-12-16-at-16.46.37-1-1086x1536.jpeg 1086w, https:\/\/sustainablecommunities.eu\/wp-content\/uploads\/2025\/12\/WhatsApp-Image-2025-12-16-at-16.46.37-1-8x12.jpeg 8w\" sizes=\"auto, (max-width: 1131px) 100vw, 1131px\" \/>\t\t\t\t\t\t\n\t\t\t\t\t<\/div>\n\t\t\t\t\t\t\t\t\n<style>\n#image_607451746 {\n  width: 80%;\n}\n<\/style>\n\t<\/div>\n\t\n\t\t<\/div>\n\t\t\t\t\t<\/div>\n\n\t\n\n\t<div id=\"col-1460970906\" class=\"col medium-8 small-12 large-8\"  >\n\t\t\t\t<div class=\"col-inner text-center\"  >\n\t\t\t\n\t\t\t\n\t<div id=\"text-566474156\" class=\"text\">\n\t\t\n<p>\u00a0\u00a0\u00a0\u00a0 Edi\u021bia a\u00a0 \u00a0XVIII &#8211; a a festivalul \u00a0\u201dLA COP\u0102CEL DE S\u0102RB\u0102TORI\u201d,\u00a0 \u00a0se va desf\u0103\u0219ura conform tradi\u021biei \u00een ziua de 27 decembrie 2025.\u00a0<\/p>\n<p>\u00a0 \u00a0 Programul \u00eencepe la ora 10 cu slujba de Sf. \u0218tefan de la Biserica Sf\u00e2nta Treime \u0219i continu\u0103 la ora 17 cu spectacolul de tradi\u021bii \u0219i obiceiuri de s\u0103rb\u0103tori.\u00a0<\/p>\n<p>\u00a0 \u00a0Intrarea este liber\u0103. Dac\u0103 a\u021bi fost cumin\u021bi o s\u0103 vin\u0103 \u0219i Mo\u0219 Cr\u0103ciun!<\/p>\n<p>\u00a0\u00a0\u00a0 The association of S. O. S., the District invites you to support the programme \u201dEducation and sustainable communities\u201d, and that the \u201don THE TREE FOR the HOLIDAYS\u201d, which has almost 20 years ago to preserve the traditions of the local promotion of young talent in our community.<\/p>\n<p>Thank you!!!<\/p>\n\t\t\n<style>\n#text-566474156 {\n  font-size: 1rem;\n  text-align: left;\n}\n<\/style>\n\t<\/div>\n\t\n<a href=\"https:\/\/sustainablecommunities.eu\/en\/la-copacel-de-sarbatori\/\" target=\"_self\" class=\"button success is-outline\"  style=\"border-radius:99px;\">\n    <span>DISCOVER THE PROJECT<\/span>\n  <i class=\"icon-angle-right\" ><\/i><\/a>\n\n\t\t<\/div>\n\t\t\t\t\t<\/div>\n\n\t\n<\/div>\n\t\t<\/div>\n\t\t\t\t\n<style>\n#col-175115578 > .col-inner {\n  border-radius: 25px;\n}\n<\/style>\n\t<\/div>\n\n\t\n\n<style>\n#row-806376241 > .col > .col-inner {\n  padding: 30px 30px 0px 30px;\n}\n<\/style>\n<\/div>\n\t\t<\/div>\n\n\t\t\n<style>\n#section_595268359 {\n  padding-top: 30px;\n  padding-bottom: 30px;\n  background-color: rgb(237, 241, 247);\n}\n#section_595268359 .ux-shape-divider--top svg {\n  height: 150px;\n  --divider-top-width: 100%;\n}\n#section_595268359 .ux-shape-divider--bottom svg {\n  height: 150px;\n  --divider-width: 100%;\n}\n<\/style>\n\t<\/section>\n\t\n\t<section class=\"section\" id=\"section_1527047373\">\n\t\t<div class=\"bg section-bg fill bg-fill  bg-loaded\" >\n\n\t\t\t\n\t\t\t\n\t\t\t\n\n\t\t<\/div>\n\n\t\t\n\n\t\t<div class=\"section-content relative\">\n\t\t\t\n<div class=\"row row-large align-middle align-center\"  id=\"row-1359116938\">\n\n\t<div id=\"col-647635757\" class=\"col medium-12 small-12 large-12\"  >\n\t\t\t\t<div class=\"col-inner text-center\"  >\n\t\t\t\n\t\t\t\n\t<div id=\"text-4156689323\" class=\"text\">\n\t\t\n<h6>WHO ARE WE?<\/h6>\n<h2>Our team<\/h2>\n<p class=\"lead\">A group of organisations and people who think that the only way to a sustainable future is the education of children, young people and adults. For this reason, we aim to achieve educational projects aimed at :<\/p>\n<p>The protection of the environment<br \/>The large-scale use of renewable energy<br \/>The preservation of the identity of the local<br \/>The production and consumption of healthy food<br \/>The digitization of the activities in the rural areas<\/p>\n\t\t\n<style>\n#text-4156689323 {\n  text-align: center;\n}\n<\/style>\n\t<\/div>\n\t\n<a href=\"https:\/\/sustainablecommunities.eu\/en\/despre-noi\/\" target=\"_self\" class=\"button success is-outline is-large\"  style=\"border-radius:23px;\">\n    <span>Come get to know us<\/span>\n  <i class=\"icon-angle-right\" ><\/i><\/a>\n\n\t\t<\/div>\n\t\t\t\t\t<\/div>\n\n\t\n<\/div>\n\t\t<\/div>\n\n\t\t\n<style>\n#section_1527047373 {\n  padding-top: 30px;\n  padding-bottom: 30px;\n}\n#section_1527047373 .ux-shape-divider--top svg {\n  height: 150px;\n  --divider-top-width: 100%;\n}\n#section_1527047373 .ux-shape-divider--bottom svg {\n  height: 150px;\n  --divider-width: 100%;\n}\n<\/style>\n\t<\/section>\n\t\n\t<section class=\"section\" id=\"section_1633451559\">\n\t\t<div class=\"bg section-bg fill bg-fill  bg-loaded\" >\n\n\t\t\t\n\t\t\t<div class=\"section-bg-overlay absolute fill\"><\/div>\n\t\t\t\n\n\t\t<\/div>\n\n\t\t\n\n\t\t<div class=\"section-content relative\">\n\t\t\t\n\t<div id=\"gap-1281761181\" class=\"gap-element clearfix\" style=\"display:block; height:auto;\">\n\t\t\n<style>\n#gap-1281761181 {\n  padding-top: 30px;\n}\n<\/style>\n\t<\/div>\n\t\n<div class=\"row align-center\"  id=\"row-1136890891\">\n\n\t<div id=\"col-1785584946\" class=\"col medium-11 small-12 large-11\"  >\n\t\t\t\t<div class=\"col-inner text-center\" style=\"background-color:rgb(227, 248, 221);\" >\n\t\t\t\n\t\t\t\n\t<div id=\"text-3363451251\" class=\"text\">\n\t\t\n<h2>Get involved<\/p>\n<\/h2>\n\t\t\n<style>\n#text-3363451251 {\n  font-size: 1.75rem;\n  color: rgb(0,0,0);\n}\n#text-3363451251 > * {\n  color: rgb(0,0,0);\n}\n@media (min-width:550px) {\n  #text-3363451251 {\n    font-size: 1.25rem;\n  }\n}\n<\/style>\n\t<\/div>\n\t\n\t<div id=\"gap-1767401549\" class=\"gap-element clearfix\" style=\"display:block; height:auto;\">\n\t\t\n<style>\n#gap-1767401549 {\n  padding-top: 15px;\n}\n<\/style>\n\t<\/div>\n\t\n<div class=\"row row-collapse align-middle align-center\"  id=\"row-2048840187\">\n\n\t<div id=\"col-504345667\" class=\"col medium-10 small-12 large-10\"  >\n\t\t\t\t<div class=\"col-inner\"  >\n\t\t\t\n\t\t\t\n<div class=\"row row-small align-middle align-center\"  id=\"row-2035000978\">\n\n\t<div id=\"col-145860\" class=\"col medium-3 small-12 large-3\"  >\n\t\t\t\t<div class=\"col-inner\"  >\n\t\t\t\n\t\t\t\n<a href=\"\/en\/donatii-directe\/\" target=\"_self\" class=\"button success is-outline\"  >\n    <span>Direct donations<\/span>\n  <\/a>\n\n\t\t<\/div>\n\t\t\t\t\t<\/div>\n\n\t\n\n\t<div id=\"col-403279055\" class=\"col medium-3 small-12 large-3\"  >\n\t\t\t\t<div class=\"col-inner\"  >\n\t\t\t\n\t\t\t\n<a href=\"\/en\/voluntariat\/\" target=\"_self\" class=\"button success is-outline\"  >\n    <span>Volunteer work casual<\/span>\n  <\/a>\n\n\t\t<\/div>\n\t\t\t\t\t<\/div>\n\n\t\n\n\t<div id=\"col-1435048694\" class=\"col medium-3 small-12 large-3\"  >\n\t\t\t\t<div class=\"col-inner\"  >\n\t\t\t\n\t\t\t\n<a href=\"\/en\/donatii-in-natura\/\" target=\"_self\" class=\"button success is-outline\"  >\n    <span>In-kind donations<\/span>\n  <\/a>\n\n\t\t<\/div>\n\t\t\t\t\t<\/div>\n\n\t\n\n<style>\n#row-2035000978 > .col > .col-inner {\n  padding: 0px 0px 0px 0px;\n}\n<\/style>\n<\/div>\n<div class=\"row row-small align-middle align-center\"  id=\"row-863505207\">\n\n\t<div id=\"col-1736299144\" class=\"col medium-4 small-12 large-4\"  >\n\t\t\t\t<div class=\"col-inner\"  >\n\t\t\t\n\t\t\t\n<a href=\"\/en\/donatie-35-din-impozit\/\" target=\"_self\" class=\"button success is-outline\"  >\n    <span>3.5% tax on payroll<\/span>\n  <\/a>\n\n\t\t<\/div>\n\t\t\t\t\t<\/div>\n\n\t\n\n\t<div id=\"col-1319122948\" class=\"col medium-4 small-12 large-4\"  >\n\t\t\t\t<div class=\"col-inner\"  >\n\t\t\t\n\t\t\t\n<a href=\"\/en\/doneaza-20-impozitul-firmei\/\" target=\"_self\" class=\"button success is-outline\"  >\n    <span>20% OF THE INCOME OF THE COMPANY<\/span>\n  <\/a>\n\n\t\t<\/div>\n\t\t\t\t\t<\/div>\n\n\t\n<\/div>\n\t\t<\/div>\n\t\t\t\t\n<style>\n#col-504345667 > .col-inner {\n  padding: 0px 0px 0px 0px;\n  margin: 0px 0px -21px 0px;\n}\n<\/style>\n\t<\/div>\n\n\t\n<\/div>\n\t\t<\/div>\n\t\t\t\t\n<style>\n#col-1785584946 > .col-inner {\n  border-radius: 35px;\n}\n<\/style>\n\t<\/div>\n\n\t\n\n<style>\n#row-1136890891 > .col > .col-inner {\n  padding: 15px 0px 15px 0px;\n}\n<\/style>\n<\/div>\n\t\t<\/div>\n\n\t\t\n<style>\n#section_1633451559 {\n  padding-top: 0px;\n  padding-bottom: 0px;\n}\n#section_1633451559 .section-bg-overlay {\n  background-color: rgb(224, 247, 225);\n}\n#section_1633451559 .ux-shape-divider--top svg {\n  height: 150px;\n  --divider-top-width: 100%;\n}\n#section_1633451559 .ux-shape-divider--bottom svg {\n  height: 150px;\n  --divider-width: 100%;\n}\n<\/style>\n\t<\/section>","protected":false},"excerpt":{"rendered":"","protected":false},"author":1,"featured_media":0,"parent":0,"menu_order":0,"comment_status":"closed","ping_status":"closed","template":"page-blank.php","meta":{"footnotes":""},"class_list":["post-46","page","type-page","status-publish","hentry"],"_links":{"self":[{"href":"https:\/\/sustainablecommunities.eu\/en\/wp-json\/wp\/v2\/pages\/46","targetHints":{"allow":["GET"]}}],"collection":[{"href":"https:\/\/sustainablecommunities.eu\/en\/wp-json\/wp\/v2\/pages"}],"about":[{"href":"https:\/\/sustainablecommunities.eu\/en\/wp-json\/wp\/v2\/types\/page"}],"author":[{"embeddable":true,"href":"https:\/\/sustainablecommunities.eu\/en\/wp-json\/wp\/v2\/users\/1"}],"replies":[{"embeddable":true,"href":"https:\/\/sustainablecommunities.eu\/en\/wp-json\/wp\/v2\/comments?post=46"}],"version-history":[{"count":127,"href":"https:\/\/sustainablecommunities.eu\/en\/wp-json\/wp\/v2\/pages\/46\/revisions"}],"predecessor-version":[{"id":1019,"href":"https:\/\/sustainablecommunities.eu\/en\/wp-json\/wp\/v2\/pages\/46\/revisions\/1019"}],"wp:attachment":[{"href":"https:\/\/sustainablecommunities.eu\/en\/wp-json\/wp\/v2\/media?parent=46"}],"curies":[{"name":"wp","href":"https:\/\/api.w.org\/{rel}","templated":true}]}}